
{"id":871,"date":"2024-07-01T18:06:57","date_gmt":"2024-07-01T15:06:57","guid":{"rendered":"https:\/\/new.arkitek.net\/yasal-bildirimler\/cerez-politikasi\/"},"modified":"2024-07-10T13:23:45","modified_gmt":"2024-07-10T10:23:45","slug":"cerez-politikasi","status":"publish","type":"page","link":"https:\/\/arkitek.net\/tr\/yasal\/cerez-politikasi\/","title":{"rendered":"\u00c7erez Politikas\u0131"},"content":{"rendered":"\n<p>ARK\u0130TEK Telekom\u00fcnikasyon A.\u015e. (&#8220;biz&#8221;), web sitemizde \u00e7erezleri ve pikseller, etiketler ve i\u015faret\u00e7iler gibi di\u011fer teknolojileri kullanma \u015feklimizi ana hatlar\u0131yla belirtmek i\u00e7in bu \u00c7erez Politikas\u0131n\u0131 yay\u0131nlam\u0131\u015ft\u0131r.<\/p>\n\n<p>Bilgi toplamak i\u00e7in kulland\u0131\u011f\u0131m\u0131z \u00e7erezlerin, piksellerin ve benzer teknolojilerin belirli adlar\u0131 ve t\u00fcrleri zaman zaman de\u011fi\u015febilir. \u00c7erez Politikam\u0131z\u0131 daha iyi anlaman\u0131za yard\u0131mc\u0131 olmak i\u00e7in, \u00e7erezlerin, piksellerin, etiketlerin ve i\u015faretlerin ne anlama geldi\u011fine dair a\u015fa\u011f\u0131daki a\u00e7\u0131klamalar\u0131 sunuyoruz: <\/p>\n\n<ul class=\"wp-block-list\">\n<li>\u00c7erezler: \u00c7erez, bir web sitesinin siteyi ziyaret etti\u011finizde bilgisayar\u0131n\u0131za veya mobil cihaz\u0131n\u0131za kaydetti\u011fi k\u00fc\u00e7\u00fck bir metin dosyas\u0131d\u0131r. Web sitesinin eylemlerinizi ve tercihlerinizi (oturum a\u00e7ma, dil, yaz\u0131 tipi boyutu ve di\u011fer g\u00f6r\u00fcnt\u00fcleme tercihleri gibi) belirli bir s\u00fcre boyunca hat\u0131rlamas\u0131n\u0131 sa\u011flar, b\u00f6ylece siteye geri d\u00f6nd\u00fc\u011f\u00fcn\u00fczde veya bir sayfadan di\u011ferine g\u00f6z att\u0131\u011f\u0131n\u0131zda bunlar\u0131 yeniden girmeniz gerekmez. <\/li>\n\n\n\n<li>Pikseller, etiketler ve i\u015faret\u00e7iler (\u0130zleyiciler): Bunlar sitelerimize, hizmetlerimize, uygulamalar\u0131m\u0131za, mesajlar\u0131m\u0131za ve ara\u00e7lar\u0131m\u0131za dahil edilebilen ve genellikle kullan\u0131c\u0131lar\u0131m\u0131z\u0131 ve kullan\u0131c\u0131 davran\u0131\u015flar\u0131n\u0131 tan\u0131mlamak i\u00e7in \u00e7erezlerle birlikte \u00e7al\u0131\u015fan k\u00fc\u00e7\u00fck grafik g\u00f6r\u00fcnt\u00fcleri ifade eder.<\/li>\n<\/ul>\n\n<h2 class=\"wp-block-heading\">\u00c7erezleri nas\u0131l kullan\u0131yoruz?<\/h2>\n\n<p>\u00c7erezler, tercihlerinizi hat\u0131rlamak i\u00e7in web sitemizi ziyaret etti\u011finizde sizi tan\u0131mak i\u00e7in kullan\u0131l\u0131r. \u00c7erez kullan\u0131m\u0131m\u0131zdan elde etti\u011fimiz bilgiler, web m\u00fclklerimizden birine giri\u015f yapmad\u0131\u011f\u0131n\u0131z s\u00fcrece sizi ki\u015fisel olarak tan\u0131mlamak i\u00e7in kullan\u0131lmaz. \u00c7erezleri burada belirtilen ama\u00e7lar i\u00e7in kullan\u0131yoruz.  <\/p>\n\n<p>\u00c7erezlerimiz \u015fu ama\u00e7larla kullan\u0131l\u0131r:<\/p>\n\n<ul class=\"wp-block-list\">\n<li>Web m\u00fclklerimizden birinde oturum a\u00e7t\u0131ysan\u0131z size uygun bilgileri g\u00f6stermek ve \u00e7evrimi\u00e7i deneyiminizi ki\u015fiselle\u015ftirmek.<\/li>\n\n\n\n<li>Dil tercihinizi hat\u0131rlamak.<\/li>\n\n\n\n<li>Kullan\u0131c\u0131lar\u0131n web sitemizdeki formlar\u0131 daha kolay doldurmas\u0131na yard\u0131mc\u0131 olmak.<\/li>\n\n\n\n<li>Site performans\u0131m\u0131z\u0131 anlamak.<\/li>\n\n\n\n<li>Web sitemizde \u00e7erez kullan\u0131m\u0131m\u0131z\u0131 kabul edip etmedi\u011finizi hat\u0131rlamak.<\/li>\n<\/ul>\n\n<p>Ayr\u0131ca, sayfalar\u0131m\u0131za g\u00f6m\u00fcl\u00fc baz\u0131 videolar, oraya nas\u0131l ula\u015ft\u0131\u011f\u0131n\u0131z ve hangi videolar\u0131 ziyaret etti\u011finiz hakk\u0131nda anonim olarak istatistik toplamak i\u00e7in bir \u00e7erez kullan\u0131r.<\/p>\n\n<p>Oturum \u00e7erezleri siz gezinmeyi b\u0131rakana kadar kal\u0131r. Kal\u0131c\u0131 \u00e7erezler ise silinene veya s\u00fcreleri dolana kadar kal\u0131r. Sitemizde kullan\u0131lan \u00e7erezlerin \u00e7o\u011fu kal\u0131c\u0131d\u0131r. Bu nedenle, cihaz\u0131n\u0131za indirildikleri tarihten itibaren doksan g\u00fcn ile iki y\u0131l aras\u0131nda sona ereceklerdir.   <\/p>\n\n<p>\u00c7erezler ayr\u0131ca Google, LinkedIn ve Twitter gibi \u00fc\u00e7\u00fcnc\u00fc taraf sat\u0131c\u0131lar, kullan\u0131c\u0131lar\u0131n nereden geldi\u011fi, sitenin hangi \u00f6zellikleriyle etkile\u015fime girdi\u011fi ve sitemizde ne kadar zaman ge\u00e7irdi\u011fi hakk\u0131nda anonim bilgilere dayal\u0131 olarak web sayfalar\u0131m\u0131z\u0131n etkinli\u011fini ve verimlili\u011fini \u00f6l\u00e7en kurumsal hizmetler taraf\u0131ndan da saklan\u0131r.<\/p>\n\n<p>Kulland\u0131\u011f\u0131m\u0131z baz\u0131 \u00fc\u00e7\u00fcnc\u00fc taraf \u00c7erezler ve bu \u00e7erezlerin nas\u0131l devre d\u0131\u015f\u0131 b\u0131rak\u0131laca\u011f\u0131 hakk\u0131nda bilgi edinin:<\/p>\n\n<ul class=\"wp-block-list\">\n<li>Google: <a href=\"https:\/\/www.google.com\/analytics\/terms\/us.html\" target=\"_blank\" rel=\"noreferrer noopener nofollow\">https:\/\/www.google.com\/analytics\/terms\/us.html<\/a><\/li>\n\n\n\n<li>Twitter: <a href=\"https:\/\/help.twitter.com\/en\/rules-and-policies\/twitter-cookies\" target=\"_blank\" rel=\"noreferrer noopener nofollow\">https:\/\/help.twitter.com\/en\/rules-and-policies\/twitter-cookies<\/a><\/li>\n<\/ul>\n\n<p>Yukar\u0131da a\u00e7\u0131klanan \u00e7erezlerin etkinle\u015ftirilmesi web sitemizin \u00e7al\u0131\u015fmas\u0131 i\u00e7in kesinlikle gerekli de\u011fildir, ancak size daha iyi bir deneyim sa\u011flayacakt\u0131r. Bu \u00e7erezleri silebilir veya engelleyebilirsiniz, ancak bunu yaparsan\u0131z bu sitenin baz\u0131 \u00f6zellikleri ama\u00e7land\u0131\u011f\u0131 gibi \u00e7al\u0131\u015fmayabilir. <\/p>\n\n<h2 class=\"wp-block-heading\">\u00c7erezler nas\u0131l kontrol edilir<\/h2>\n\n<p>\u00c7erezleri diledi\u011finiz gibi kontrol edebilir ve\/veya silebilirsiniz &#8211; ayr\u0131nt\u0131lar i\u00e7in <a href=\"http:\/\/aboutcookies.org\" target=\"_blank\" rel=\"noreferrer noopener nofollow\">aboutcookies.org<\/a> adresini ziyaret edebilirsiniz. Bilgisayar\u0131n\u0131zda bulunan \u00e7erezleri silebilir ve \u00e7o\u011fu taray\u0131c\u0131y\u0131 bunlar\u0131n yerle\u015ftirilmesini \u00f6nleyecek \u015fekilde ayarlayabilirsiniz. Ancak bunu yaparsan\u0131z, bir siteyi her ziyaret etti\u011finizde tercihleri manuel olarak ayarlaman\u0131z gerekebilir ve baz\u0131 hizmetler ve i\u015flevler ama\u00e7land\u0131\u011f\u0131 gibi \u00e7al\u0131\u015fmayabilir. <\/p>\n\n<p>Gizlilik uygulamalar\u0131m\u0131z hakk\u0131nda daha fazla bilgi i\u00e7in l\u00fctfen web sitemizin <a href=\"https:\/\/arkitek.net\/tr\/yasal\/gizlilik-politikasi\/\" data-type=\"page\" data-id=\"783\">Gizlilik Politikas\u0131<\/a>n\u0131 inceleyiniz.<\/p>\n","protected":false},"excerpt":{"rendered":"<p>ARK\u0130TEK Telekom\u00fcnikasyon A.\u015e. (&#8220;biz&#8221;), web sitemizde \u00e7erezleri ve pikseller, etiketler ve i\u015faret\u00e7iler gibi di\u011fer teknolojileri kullanma \u015feklimizi ana hatlar\u0131yla belirtmek i\u00e7in bu \u00c7erez Politikas\u0131n\u0131 yay\u0131nlam\u0131\u015ft\u0131r. Bilgi toplamak i\u00e7in kulland\u0131\u011f\u0131m\u0131z \u00e7erezlerin, piksellerin ve benzer teknolojilerin belirli adlar\u0131 ve t\u00fcrleri zaman zaman de\u011fi\u015febilir. \u00c7erez Politikam\u0131z\u0131 daha iyi anlaman\u0131za yard\u0131mc\u0131 olmak i\u00e7in, \u00e7erezlerin, piksellerin, etiketlerin ve i\u015faretlerin ne &hellip; <\/p>\n<p class=\"link-more\"><a href=\"https:\/\/arkitek.net\/tr\/yasal\/cerez-politikasi\/\" class=\"more-link\">Okumaya devam et<span class=\"screen-reader-text\"> &#8220;\u00c7erez Politikas\u0131&#8221;<\/span><\/a><\/p>\n","protected":false},"author":1,"featured_media":1081,"parent":591,"menu_order":3,"comment_status":"closed","ping_status":"closed","template":"","meta":{"inline_featured_image":false,"footnotes":""},"class_list":["post-871","page","type-page","status-publish","has-post-thumbnail","hentry"],"_links":{"self":[{"href":"https:\/\/arkitek.net\/tr\/wp-json\/wp\/v2\/pages\/871","targetHints":{"allow":["GET"]}}],"collection":[{"href":"https:\/\/arkitek.net\/tr\/wp-json\/wp\/v2\/pages"}],"about":[{"href":"https:\/\/arkitek.net\/tr\/wp-json\/wp\/v2\/types\/page"}],"author":[{"embeddable":true,"href":"https:\/\/arkitek.net\/tr\/wp-json\/wp\/v2\/users\/1"}],"replies":[{"embeddable":true,"href":"https:\/\/arkitek.net\/tr\/wp-json\/wp\/v2\/comments?post=871"}],"version-history":[{"count":0,"href":"https:\/\/arkitek.net\/tr\/wp-json\/wp\/v2\/pages\/871\/revisions"}],"up":[{"embeddable":true,"href":"https:\/\/arkitek.net\/tr\/wp-json\/wp\/v2\/pages\/591"}],"wp:featuredmedia":[{"embeddable":true,"href":"https:\/\/arkitek.net\/tr\/wp-json\/wp\/v2\/media\/1081"}],"wp:attachment":[{"href":"https:\/\/arkitek.net\/tr\/wp-json\/wp\/v2\/media?parent=871"}],"curies":[{"name":"wp","href":"https:\/\/api.w.org\/{rel}","templated":true}]}}