
{"id":841,"date":"2024-07-08T08:44:02","date_gmt":"2024-07-08T05:44:02","guid":{"rendered":"https:\/\/new.arkitek.net\/yasal-bildirimler\/gizlilik-politikasi\/"},"modified":"2024-07-10T13:11:17","modified_gmt":"2024-07-10T10:11:17","slug":"gizlilik-politikasi","status":"publish","type":"page","link":"https:\/\/arkitek.net\/tr\/yasal\/gizlilik-politikasi\/","title":{"rendered":"Gizlilik Politikas\u0131"},"content":{"rendered":"\n<p>Web sitesi adresimiz: https:\/\/arkitek.net.<\/p>\n\n<p>Bu web sitesi Kullan\u0131c\u0131lar\u0131ndan baz\u0131 Ki\u015fisel Veriler toplamaktad\u0131r.<\/p>\n\n<p>Web sitemizi i\u015fletirken toplayabilece\u011fimiz her t\u00fcrl\u00fc bilgi ile ilgili olarak gizlili\u011finize sayg\u0131 g\u00f6stermek ARK\u0130TEK Telekom\u00fcnikasyon A.\u015e.&#8217;nin politikas\u0131d\u0131r. Bu Gizlilik Politikas\u0131 <a href=\"https:\/\/arkitek.net\">https:\/\/arkitek.net<\/a> (bundan b\u00f6yle &#8220;biz&#8221;, &#8220;Uygulama&#8221; veya &#8220;https:\/\/arkitek.net&#8221; olarak an\u0131lacakt\u0131r) i\u00e7in ge\u00e7erlidir. Gizlili\u011finize sayg\u0131 duyuyoruz ve Web Sitesi arac\u0131l\u0131\u011f\u0131yla bize sa\u011flayabilece\u011finiz ki\u015fisel olarak tan\u0131mlanabilir bilgileri korumay\u0131 taahh\u00fct ediyoruz. Bu gizlilik politikas\u0131n\u0131 (&#8220;Gizlilik Politikas\u0131&#8221;), Web Sitemizde hangi bilgilerin toplanabilece\u011fini, bu bilgileri nas\u0131l kulland\u0131\u011f\u0131m\u0131z\u0131 ve bilgileri hangi ko\u015fullar alt\u0131nda \u00fc\u00e7\u00fcnc\u00fc taraflara if\u015fa edebilece\u011fimizi a\u00e7\u0131klamak i\u00e7in kabul ettik. Bu Gizlilik Politikas\u0131 yaln\u0131zca Web Sitesi arac\u0131l\u0131\u011f\u0131yla toplad\u0131\u011f\u0131m\u0131z bilgiler i\u00e7in ge\u00e7erlidir ve di\u011fer kaynaklardan bilgi toplamam\u0131z i\u00e7in ge\u00e7erli de\u011fildir.<\/p>\n\n<p>Bu Gizlilik Politikas\u0131, Web Sitemizde yay\u0131nlanan <a href=\"https:\/\/arkitek.net\/tr\/yasal\/hizmet-kosullari\/\" data-type=\"page\" data-id=\"52\">Hizmet \u015eartlar\u0131<\/a> ile birlikte, Web Sitemizi kullan\u0131m\u0131n\u0131z\u0131 y\u00f6neten genel kurallar\u0131 ve politikalar\u0131 ortaya koymaktad\u0131r. Web sitemizi ziyaret ederken ger\u00e7ekle\u015ftirdi\u011finiz faaliyetlere ba\u011fl\u0131 olarak, ek h\u00fck\u00fcm ve ko\u015fullar\u0131 kabul etmeniz gerekebilir.<\/p>\n\n<h2 class=\"wp-block-heading\">Sahibi ve Veri Sorumlusu<\/h2>\n\n<p><a href=\"https:\/\/arkitek.net\/tr\/hakkimizda\/\" data-type=\"page\" data-id=\"12\">ARK\u0130TEK Telekom\u00fcnikasyon A.\u015e.<\/a><br\/>Ferko Signature Building Esentepe Mah. <br\/>B\u00fcy\u00fckdere Cad.\nNo: 175, \u015ei\u015fli, 34396, \u0130stanbul, T\u00dcRK\u0130YE <\/p>\n\n<p><strong>Sahip ileti\u015fim e-postas\u0131:<\/strong> info@arkitek.net<\/p>\n\n<h2 class=\"wp-block-heading\">Web Sitesi Ziyaret\u00e7ileri<\/h2>\n\n<p>\u00c7o\u011fu web sitesi operat\u00f6r\u00fc gibi, taray\u0131c\u0131 t\u00fcr\u00fc, dil tercihi, y\u00f6nlendiren site ve her ziyaret\u00e7i talebinin tarihi ve saati gibi web taray\u0131c\u0131lar\u0131n\u0131n ve sunucular\u0131n\u0131n tipik olarak kullan\u0131ma sundu\u011fu t\u00fcrden ki\u015fisel olarak tan\u0131mlay\u0131c\u0131 olmayan bilgileri toplar\u0131z. Ki\u015fisel olmayan tan\u0131mlay\u0131c\u0131 bilgileri toplamaktaki amac\u0131m\u0131z, ziyaret\u00e7ilerimizin web sitesini nas\u0131l kulland\u0131\u011f\u0131n\u0131 daha iyi anlamakt\u0131r. ARK\u0130TEK Telekom\u00fcnikasyon A.\u015e. zaman zaman, \u00f6rne\u011fin web sitesinin kullan\u0131m\u0131ndaki e\u011filimler hakk\u0131nda bir rapor yay\u0131nlayarak, ki\u015fisel olarak tan\u0131mlay\u0131c\u0131 olmayan bilgileri toplu olarak yay\u0131nlayabilir.<\/p>\n\n<p>ARK\u0130TEK Telekom\u00fcnikasyon A.\u015e. ayr\u0131ca, oturum a\u00e7an kullan\u0131c\u0131lar ve https:\/\/arkitek.net blog g\u00f6nderilerine yorum b\u0131rakan kullan\u0131c\u0131lar i\u00e7in \u0130nternet Protokol\u00fc (IP) adresleri gibi potansiyel olarak ki\u015fisel olarak tan\u0131mlay\u0131c\u0131 bilgileri toplar. ARK\u0130TEK Telekom\u00fcnikasyon A.\u015e., oturum a\u00e7an kullan\u0131c\u0131 ve yorumcu IP adreslerini yaln\u0131zca a\u015fa\u011f\u0131da a\u00e7\u0131kland\u0131\u011f\u0131 \u015fekilde ki\u015fisel olarak tan\u0131mlay\u0131c\u0131 bilgileri kulland\u0131\u011f\u0131 ve if\u015fa etti\u011fi ayn\u0131 ko\u015fullar alt\u0131nda if\u015fa eder.<\/p>\n\n<h2 class=\"wp-block-heading\">Ki\u015fisel Olarak Tan\u0131mlay\u0131c\u0131 Bilgilerin Toplanmas\u0131<\/h2>\n\n<p>Web sitemizin baz\u0131 ziyaret\u00e7ileri, ARK\u0130TEK Telekom\u00fcnikasyon A.\u015e. ile ki\u015fisel olarak tan\u0131mlay\u0131c\u0131 bilgiler toplamam\u0131z\u0131 gerektiren \u015fekillerde etkile\u015fime girmeyi tercih etmektedir. ARK\u0130TEK Telekom\u00fcnikasyon A.\u015e.&#8217;nin toplad\u0131\u011f\u0131 bilgilerin miktar\u0131 ve t\u00fcr\u00fc etkile\u015fimin niteli\u011fine ba\u011fl\u0131d\u0131r. \u00d6rne\u011fin, bir form arac\u0131l\u0131\u011f\u0131yla bizimle ileti\u015fime ge\u00e7mek isteyen ziyaret\u00e7ilerden, yan\u0131t verebilmemiz i\u00e7in adlar\u0131n\u0131, \u015firket adlar\u0131n\u0131 ve ileti\u015fim bilgilerini vermelerini istiyoruz.<\/p>\n\n<h2 class=\"wp-block-heading\">Toplanan Veri T\u00fcrleri<br\/><\/h2>\n\n<p>Bu Uygulaman\u0131n kendi ba\u015f\u0131na veya \u00fc\u00e7\u00fcnc\u00fc taraflar arac\u0131l\u0131\u011f\u0131yla toplad\u0131\u011f\u0131 Ki\u015fisel Veri t\u00fcrleri aras\u0131nda \u015funlar bulunmaktad\u0131r: Kullan\u0131m Verileri; \u0130zleyiciler; sorulara verilen yan\u0131tlar; t\u0131klamalar; tu\u015fa basma olaylar\u0131; hareket sens\u00f6r\u00fc olaylar\u0131; fare hareketleri; kayd\u0131rma konumu; dokunma olaylar\u0131.<\/p>\n\n<p>Toplanan her bir Ki\u015fisel Veri t\u00fcr\u00fcne ili\u015fkin eksiksiz ayr\u0131nt\u0131lar, bu gizlilik politikas\u0131n\u0131n ilgili b\u00f6l\u00fcmlerinde veya Veri toplamadan \u00f6nce g\u00f6r\u00fcnt\u00fclenen belirli a\u00e7\u0131klama metinleriyle sa\u011flan\u0131r.<\/p>\n\n<p>Ki\u015fisel Veriler, Kullan\u0131c\u0131 taraf\u0131ndan serbest\u00e7e sa\u011flanabilir veya Kullan\u0131m Verileri durumunda, bu Uygulama kullan\u0131l\u0131rken otomatik olarak toplanabilir.<\/p>\n\n<p>Aksi belirtilmedik\u00e7e, bu Uygulama taraf\u0131ndan talep edilen t\u00fcm Veriler zorunludur ve bu Verilerin sa\u011flanmamas\u0131, bu Uygulaman\u0131n hizmetlerini sunmas\u0131n\u0131 imkans\u0131z hale getirebilir.\nBu Uygulaman\u0131n baz\u0131 Verilerin zorunlu olmad\u0131\u011f\u0131n\u0131 \u00f6zellikle belirtti\u011fi durumlarda, Kullan\u0131c\u0131lar, Hizmetin kullan\u0131labilirli\u011fi veya i\u015fleyi\u015fi \u00fczerinde herhangi bir sonu\u00e7 do\u011furmaks\u0131z\u0131n bu Verileri iletmemekte serbesttir. <\/p>\n\n<p>Hangi Ki\u015fisel Verilerin zorunlu oldu\u011fundan emin olmayan kullan\u0131c\u0131lar, Sahibi ile ileti\u015fime ge\u00e7ebilirler.<\/p>\n\n<p>Bu Uygulama veya bu Uygulama taraf\u0131ndan kullan\u0131lan \u00fc\u00e7\u00fcnc\u00fc taraf hizmetlerinin sahipleri taraf\u0131ndan \u00c7erezlerin &#8211; veya di\u011fer izleme ara\u00e7lar\u0131n\u0131n &#8211; herhangi bir \u015fekilde kullan\u0131lmas\u0131, bu belgede ve \u00c7erez Politikas\u0131nda a\u00e7\u0131klanan di\u011fer ama\u00e7lara ek olarak, Kullan\u0131c\u0131 taraf\u0131ndan talep edilen Hizmeti sa\u011flama amac\u0131na hizmet eder.<\/p>\n\n<p>Kullan\u0131c\u0131lar, bu Uygulama arac\u0131l\u0131\u011f\u0131yla elde edilen, yay\u0131nlanan veya payla\u015f\u0131lan t\u00fcm \u00fc\u00e7\u00fcnc\u00fc taraf Ki\u015fisel Verilerinden sorumludur.<\/p>\n\n<h2 class=\"wp-block-heading\">Harici Sitelere Ba\u011flant\u0131lar<\/h2>\n\n<p>Hizmetimiz, bizim taraf\u0131m\u0131zdan i\u015fletilmeyen harici sitelere ba\u011flant\u0131lar i\u00e7erebilir.\nBir \u00fc\u00e7\u00fcnc\u00fc taraf ba\u011flant\u0131s\u0131na t\u0131klarsan\u0131z, s\u00f6z konusu \u00fc\u00e7\u00fcnc\u00fc taraf\u0131n sitesine y\u00f6nlendirilirsiniz.\nZiyaret etti\u011finiz her sitenin Gizlilik Politikas\u0131n\u0131 ve h\u00fck\u00fcm ve ko\u015fullar\u0131n\u0131 incelemenizi \u00f6nemle tavsiye ederiz.  <\/p>\n\n<p>\u00dc\u00e7\u00fcnc\u00fc taraf sitelerinin, \u00fcr\u00fcnlerinin veya hizmetlerinin i\u00e7eri\u011fi, gizlilik politikalar\u0131 veya uygulamalar\u0131 \u00fczerinde hi\u00e7bir kontrol\u00fcm\u00fcz yoktur ve bunlar i\u00e7in hi\u00e7bir sorumluluk kabul etmiyoruz.<\/p>\n\n<h2 class=\"wp-block-heading\">Toplu \u0130statistikler<\/h2>\n\n<p>ARK\u0130TEK Telekom\u00fcnikasyon A.\u015e., web sitesini ziyaret edenlerin davran\u0131\u015flar\u0131 hakk\u0131nda istatistikler toplayabilir. ARK\u0130TEK Telekom\u00fcnikasyon A.\u015e. bu bilgileri kamuya a\u00e7\u0131k olarak g\u00f6sterebilir veya ba\u015fkalar\u0131na sa\u011flayabilir. Ancak ARK\u0130TEK Telekom\u00fcnikasyon A.\u015e. ki\u015fisel olarak tan\u0131mlay\u0131c\u0131 bilgilerinizi if\u015fa etmez.<\/p>\n\n<h2 class=\"wp-block-heading\">Verilerin i\u015flenme \u015fekli ve yeri<\/h2>\n\n<h3 class=\"wp-block-heading\">\u0130\u015fleme y\u00f6ntemleri<\/h3>\n\n<p>Mal Sahibi, Verilere yetkisiz eri\u015fim, if\u015fa, de\u011fi\u015fiklik veya yetkisiz imhay\u0131 \u00f6nlemek i\u00e7in uygun g\u00fcvenlik \u00f6nlemlerini al\u0131r.<\/p>\n\n<p>Veri i\u015fleme, kesinlikle belirtilen ama\u00e7larla ilgili organizasyonel prosed\u00fcrler ve modlar izlenerek bilgisayarlar ve\/veya BT \u00f6zellikli ara\u00e7lar kullan\u0131larak ger\u00e7ekle\u015ftirilir.\nSahibine ek olarak, baz\u0131 durumlarda, Verilere, bu Uygulaman\u0131n i\u015fleyi\u015fine dahil olan belirli t\u00fcrdeki sorumlu ki\u015filer (y\u00f6netim, sat\u0131\u015f, pazarlama, hukuk, sistem y\u00f6netimi) veya harici taraflar (\u00fc\u00e7\u00fcnc\u00fc taraf teknik servis sa\u011flay\u0131c\u0131lar\u0131, posta ta\u015f\u0131y\u0131c\u0131lar\u0131, bar\u0131nd\u0131rma sa\u011flay\u0131c\u0131lar\u0131, BT \u015firketleri, ileti\u015fim ajanslar\u0131 gibi) eri\u015febilir. gerekirse, Sahip taraf\u0131ndan Veri \u0130\u015fleyicileri olarak atan\u0131r.\nBu taraflar\u0131n g\u00fcncellenmi\u015f listesi herhangi bir zamanda Sahibinden talep edilebilir.  <\/p>\n\n<h3 class=\"wp-block-heading\">Yer<\/h3>\n\n<p>Veriler, Sahibinin i\u015fletme ofislerinde ve i\u015fleme dahil olan taraflar\u0131n bulundu\u011fu di\u011fer yerlerde i\u015flenir.<br\/><br\/>Kullan\u0131c\u0131n\u0131n konumuna ba\u011fl\u0131 olarak, veri aktar\u0131mlar\u0131 Kullan\u0131c\u0131n\u0131n Verilerinin kendi \u00fclkesinden ba\u015fka bir \u00fclkeye aktar\u0131lmas\u0131n\u0131 i\u00e7erebilir.\nBu t\u00fcr aktar\u0131lan Verilerin i\u015flendi\u011fi yer hakk\u0131nda daha fazla bilgi edinmek i\u00e7in Kullan\u0131c\u0131lar, Ki\u015fisel Verilerin i\u015flenmesiyle ilgili ayr\u0131nt\u0131lar\u0131 i\u00e7eren b\u00f6l\u00fcm\u00fc kontrol edebilir. <\/p>\n\n<h3 class=\"wp-block-heading\">Saklama s\u00fcresi<\/h3>\n\n<p>Bu belgede aksi belirtilmedik\u00e7e, Ki\u015fisel Veriler topland\u0131klar\u0131 amac\u0131n gerektirdi\u011fi s\u00fcre boyunca i\u015flenecek ve saklanacakt\u0131r ve ge\u00e7erli yasal y\u00fck\u00fcml\u00fcl\u00fck nedeniyle veya Kullan\u0131c\u0131lar\u0131n r\u0131zas\u0131na dayal\u0131 olarak daha uzun s\u00fcre tutulabilir.<\/p>\n\n<h2 class=\"wp-block-heading\" id=\"use_collected_data\">\u0130\u015fleme ama\u00e7lar\u0131<\/h2>\n\n<p>Kullan\u0131c\u0131 ile ilgili Veriler, Sahibinin Hizmetini sunmas\u0131na, yasal y\u00fck\u00fcml\u00fcl\u00fcklerine uymas\u0131na, yapt\u0131r\u0131m taleplerine yan\u0131t vermesine, haklar\u0131n\u0131 ve \u00e7\u0131karlar\u0131n\u0131 (veya Kullan\u0131c\u0131lar\u0131n\u0131n veya \u00fc\u00e7\u00fcnc\u00fc taraflar\u0131n \u00e7\u0131karlar\u0131n\u0131) korumas\u0131na, k\u00f6t\u00fc niyetli veya hileli faaliyetleri tespit etmesine ve ayr\u0131ca a\u015fa\u011f\u0131dakilere izin vermek i\u00e7in toplan\u0131r: Spam ve bot korumas\u0131 ve Etiket Y\u00f6netimi.<\/p>\n\n<p>Her bir ama\u00e7 i\u00e7in kullan\u0131lan Ki\u015fisel Veriler hakk\u0131nda spesifik bilgi i\u00e7in Kullan\u0131c\u0131 &#8220;Ki\u015fisel Verilerin i\u015flenmesine ili\u015fkin detayl\u0131 bilgi&#8221; b\u00f6l\u00fcm\u00fcne ba\u015fvurabilir.<\/p>\n\n<h2 class=\"wp-block-heading\" id=\"data_processing_detailed_info\">Ki\u015fisel Verilerin i\u015flenmesine ili\u015fkin detayl\u0131 bilgi<\/h2>\n\n<p>Ki\u015fisel Veriler a\u015fa\u011f\u0131daki ama\u00e7larla ve a\u015fa\u011f\u0131daki hizmetler kullan\u0131larak toplanmaktad\u0131r:<\/p>\n\n<div class=\"wp-block-group has-cyan-bluish-gray-background-color has-background\"><div class=\"wp-block-group__inner-container is-layout-constrained wp-block-group-is-layout-constrained\">\n<details class=\"wp-block-details is-layout-flow wp-block-details-is-layout-flow\"><summary>Spam ve bot korumas\u0131<br><\/summary>\n<p><\/p>\n\n\n\n<p>Bu hizmet t\u00fcr\u00fc, potansiyel olarak Kullan\u0131c\u0131lar\u0131n Ki\u015fisel Verilerini i\u00e7eren bu Uygulaman\u0131n trafi\u011fini, trafi\u011fin istenmeyen k\u0131s\u0131mlar\u0131ndan, spam olarak tan\u0131nan mesajlardan ve i\u00e7erikten filtrelemek veya k\u00f6t\u00fc niyetli bot faaliyetlerinden korumak amac\u0131yla analiz eder.<\/p>\n\n\n\n<h4 class=\"wp-block-heading\">Google reCAPTCHA (Google Ireland Limited)<\/h4>\n\n\n\n<p>Google reCAPTCHA, Google Ireland Limited taraf\u0131ndan sa\u011flanan bir SPAM koruma hizmetidir.\nreCAPTCHA kullan\u0131m\u0131 Google <a href=\"\" target=\"\" rel=\"noopener\">gizlilik politikas\u0131<\/a> ve <a href=\"\" target=\"\" rel=\"noopener\">kullan\u0131m ko\u015fullar\u0131na<\/a> tabidir. <\/p>\n\n\n\n<p>Google&#8217;\u0131n Veri kullan\u0131m\u0131n\u0131 anlamak i\u00e7in i\u015f <a href=\"https:\/\/policies.google.com\/technologies\/partner-sites\" target=\"_blank\" rel=\"noreferrer noopener nofollow\">orta\u011f\u0131 politikas\u0131na<\/a> ve <a href=\"https:\/\/business.safety.google\/privacy\/\" target=\"_blank\" rel=\"noreferrer noopener nofollow\">\u0130\u015fletme Verileri sayfas\u0131na<\/a> bak\u0131n.<\/p>\n\n\n\n<p>\u0130\u015flenen Ki\u015fisel Veriler: sorulara verilen yan\u0131tlar; t\u0131klamalar; tu\u015fa basma olaylar\u0131; hareket sens\u00f6r\u00fc olaylar\u0131; fare hareketleri; kayd\u0131rma konumu; dokunma olaylar\u0131; \u0130zleyiciler; Kullan\u0131m Verileri.<\/p>\n\n\n\n<p>\u0130\u015fleme yeri: \u0130rlanda &#8211; <a href=\"https:\/\/business.safety.google\/privacy\/\" target=\"_blank\" rel=\"noreferrer noopener nofollow\">Gizlilik Politikas\u0131.<\/a><\/p>\n<\/details>\n<\/div><\/div>\n\n<div class=\"wp-block-group has-cyan-bluish-gray-background-color has-background\"><div class=\"wp-block-group__inner-container is-layout-constrained wp-block-group-is-layout-constrained\">\n<details class=\"wp-block-details is-layout-flow wp-block-details-is-layout-flow\"><summary>Etiket Y\u00f6netimi<\/summary>\n<p><\/p>\n\n\n\n<p>Bu t\u00fcr bir hizmet, Sahibinin bu Uygulamada ihtiya\u00e7 duyulan etiketleri veya komut dosyalar\u0131n\u0131 merkezi bir \u015fekilde y\u00f6netmesine yard\u0131mc\u0131 olur.\nBu, Kullan\u0131c\u0131 Verilerinin bu hizmetler \u00fczerinden akmas\u0131na ve potansiyel olarak bu Verilerin saklanmas\u0131na neden olur. <\/p>\n\n\n\n<h4 class=\"wp-block-heading\">Google Tag Manager (Google Ireland Limited)<\/h4>\n\n\n\n<p>Google Tag Manager, Google Ireland Limited taraf\u0131ndan sa\u011flanan bir etiket y\u00f6netimi hizmetidir.<\/p>\n\n\n\n<p>Google&#8217;\u0131n Veri kullan\u0131m\u0131n\u0131 anlamak i\u00e7in i\u015f <a href=\"https:\/\/policies.google.com\/technologies\/partner-sites\" target=\"_blank\" rel=\"noreferrer noopener nofollow\">orta\u011f\u0131 politikas\u0131na<\/a> ve <a href=\"https:\/\/business.safety.google\/privacy\/\" target=\"_blank\" rel=\"noreferrer noopener nofollow\">\u0130\u015fletme Verileri sayfas\u0131na<\/a> bak\u0131n.<\/p>\n\n\n\n<p>\u0130\u015flenen Ki\u015fisel Veriler: \u0130zleyiciler; Kullan\u0131m Verileri.<\/p>\n\n\n\n<p>\u0130\u015fleme yeri: \u0130rlanda &#8211; <a href=\"https:\/\/business.safety.google\/privacy\/\" target=\"_blank\" rel=\"noreferrer noopener nofollow\">Gizlilik Politikas\u0131.<\/a><\/p>\n<\/details>\n<\/div><\/div>\n\n<h2 class=\"wp-block-heading\">G\u00fcvenlik<\/h2>\n\n<p>Ki\u015fisel Bilgilerinizin g\u00fcvenli\u011fi bizim i\u00e7in \u00f6nemlidir, ancak \u0130nternet \u00fczerinden hi\u00e7bir iletim y\u00f6nteminin veya elektronik depolama y\u00f6nteminin %100 g\u00fcvenli olmad\u0131\u011f\u0131n\u0131 unutmay\u0131n.\nKi\u015fisel Bilgilerinizi korumak i\u00e7in ticari olarak kabul edilebilir ara\u00e7lar kullanmaya \u00e7al\u0131\u015fsak da, mutlak g\u00fcvenli\u011fini garanti edemeyiz. <\/p>\n\n<h3 class=\"wp-block-heading\">\u00c7erez Politikas\u0131<\/h3>\n\n<p>Bu Uygulama \u0130zleyiciler kullan\u0131r.\nDaha fazla bilgi edinmek i\u00e7in Kullan\u0131c\u0131lar <a href=\"\" data-type=\"\" data-id=\"\">\u00c7erez Politikas\u0131na<\/a> ba\u015fvurabilir. <\/p>\n\n<h2 class=\"wp-block-heading\" id=\"cookie_policy_further_information\">Kullan\u0131c\u0131lar i\u00e7in Daha Fazla Bilgi<\/h2>\n\n<h3 class=\"wp-block-heading\">\u0130\u015flemenin yasal dayana\u011f\u0131<\/h3>\n\n<p>A\u015fa\u011f\u0131dakilerden biri ge\u00e7erliyse, Mal Sahibi Kullan\u0131c\u0131larla ilgili Ki\u015fisel Verileri i\u015fleyebilir:<\/p>\n\n<ul class=\"wp-block-list\">\n<li>Kullan\u0131c\u0131lar bir veya daha fazla \u00f6zel ama\u00e7 i\u00e7in onay vermi\u015flerdir.<\/li>\n\n\n\n<li>Verilerin sa\u011flanmas\u0131, Kullan\u0131c\u0131 ile yap\u0131lan bir s\u00f6zle\u015fmenin ifas\u0131 ve\/veya s\u00f6zle\u015fme \u00f6ncesi y\u00fck\u00fcml\u00fcl\u00fckler i\u00e7in gereklidir;<\/li>\n\n\n\n<li>\u0130\u015fleme, Sahibin tabi oldu\u011fu yasal bir y\u00fck\u00fcml\u00fcl\u00fc\u011fe uymak i\u00e7in gereklidir;<\/li>\n\n\n\n<li>i\u015fleme, kamu yarar\u0131na veya Sahibine verilen resmi yetkinin kullan\u0131lmas\u0131yla ger\u00e7ekle\u015ftirilen bir g\u00f6revle ilgilidir;<\/li>\n\n\n\n<li>\u0130\u015fleme, Mal Sahibi veya \u00fc\u00e7\u00fcnc\u00fc bir taraf\u00e7a takip edilen me\u015fru menfaatlerin ama\u00e7lar\u0131 i\u00e7in gereklidir.<\/li>\n<\/ul>\n\n<p>Her durumda, Mal Sahibi, i\u015fleme i\u00e7in ge\u00e7erli olan belirli yasal dayana\u011f\u0131 ve \u00f6zellikle Ki\u015fisel Verilerin sa\u011flanmas\u0131n\u0131n yasal veya s\u00f6zle\u015fmeye dayal\u0131 bir gereklilik olup olmad\u0131\u011f\u0131n\u0131 veya bir s\u00f6zle\u015fmeye girmek i\u00e7in gerekli bir gereklilik olup olmad\u0131\u011f\u0131n\u0131 a\u00e7\u0131kl\u0131\u011fa kavu\u015fturmaya memnuniyetle yard\u0131mc\u0131 olacakt\u0131r.<\/p>\n\n<h3 class=\"wp-block-heading\">Bekletme s\u00fcresi hakk\u0131nda daha fazla bilgi<\/h3>\n\n<p>Bu belgede aksi belirtilmedik\u00e7e, Ki\u015fisel Veriler topland\u0131klar\u0131 amac\u0131n gerektirdi\u011fi s\u00fcre boyunca i\u015flenecek ve saklanacakt\u0131r ve ge\u00e7erli yasal y\u00fck\u00fcml\u00fcl\u00fck nedeniyle veya Kullan\u0131c\u0131lar\u0131n r\u0131zas\u0131na dayal\u0131 olarak daha uzun s\u00fcre tutulabilir.<\/p>\n\n<p>Bu y\u00fczden:<\/p>\n\n<ul class=\"wp-block-list\">\n<li>Mal Sahibi ile Kullan\u0131c\u0131 aras\u0131ndaki bir s\u00f6zle\u015fmenin ifas\u0131yla ilgili ama\u00e7larla toplanan Ki\u015fisel Veriler, s\u00f6z konusu s\u00f6zle\u015fme tamamen ifa edilene kadar saklanacakt\u0131r.<\/li>\n\n\n\n<li>Sahibinin me\u015fru menfaatleri i\u00e7in toplanan Ki\u015fisel Veriler, bu ama\u00e7lar\u0131 yerine getirmek i\u00e7in gerekli oldu\u011fu s\u00fcrece saklanacakt\u0131r.\nKullan\u0131c\u0131lar, bu belgenin ilgili b\u00f6l\u00fcmlerinde veya Mal Sahibi ile ileti\u015fime ge\u00e7erek Mal Sahibi taraf\u0131ndan izlenen me\u015fru menfaatlere ili\u015fkin \u00f6zel bilgileri bulabilirler. <\/li>\n<\/ul>\n\n<p>Kullan\u0131c\u0131 s\u00f6z konusu i\u015fleme i\u00e7in onay verdi\u011finde, s\u00f6z konusu onay geri \u00e7ekilmedi\u011fi s\u00fcrece, Sahibin Ki\u015fisel Verileri daha uzun bir s\u00fcre saklamas\u0131na izin verilebilir.\nAyr\u0131ca, yasal bir y\u00fck\u00fcml\u00fcl\u00fc\u011f\u00fc yerine getirmek i\u00e7in gerekli oldu\u011funda veya bir makam\u0131n emri \u00fczerine Mal Sahibi Ki\u015fisel Verileri daha uzun bir s\u00fcre saklamak zorunda kalabilir. <br\/><br\/>Saklama s\u00fcresi sona erdi\u011finde, Ki\u015fisel Veriler silinecektir.\nBu nedenle, eri\u015fim hakk\u0131, silme hakk\u0131, d\u00fczeltme hakk\u0131 ve veri ta\u015f\u0131nabilirli\u011fi hakk\u0131, saklama s\u00fcresinin sona ermesinden sonra uygulanamaz. <\/p>\n\n<h3 class=\"wp-block-heading\" id=\"rights_subjects\">Kullan\u0131c\u0131lar\u0131n Genel Veri Koruma Y\u00f6netmeli\u011fi&#8217;ne (GDPR) dayal\u0131 haklar\u0131<\/h3>\n\n<p>Kullan\u0131c\u0131lar, Sahip taraf\u0131ndan i\u015flenen Verileri ile ilgili belirli haklar\u0131 kullanabilir.<\/p>\n\n<p>\u00d6zellikle, Kullan\u0131c\u0131lar yasalar\u0131n izin verdi\u011fi \u00f6l\u00e7\u00fcde a\u015fa\u011f\u0131dakileri yapma hakk\u0131na sahiptir:<\/p>\n\n<ul class=\"wp-block-list\">\n<li><strong>\u0130stedikleri zaman onaylar\u0131n\u0131 geri \u00e7ekebilirler.<\/strong>  Kullan\u0131c\u0131lar, daha \u00f6nce Ki\u015fisel Verilerinin i\u015flenmesine onay verdikleri durumlarda onaylar\u0131n\u0131 geri \u00e7ekme hakk\u0131na sahiptir.<\/li>\n\n\n\n<li><strong>Verilerinin i\u015flenmesine itiraz etme.<\/strong>  Kullan\u0131c\u0131lar, i\u015flemenin r\u0131za d\u0131\u015f\u0131nda bir yasal dayana\u011fa g\u00f6re ger\u00e7ekle\u015ftirilmesi durumunda Verilerinin i\u015flenmesine itiraz etme hakk\u0131na sahiptir.<\/li>\n\n\n\n<li><strong>Verilerine eri\u015fin.<\/strong>  Kullan\u0131c\u0131lar, Verilerin Sahibi taraf\u0131ndan i\u015flenip i\u015flenmedi\u011fini \u00f6\u011frenme, i\u015flemenin belirli y\u00f6nlerine ili\u015fkin a\u00e7\u0131klama alma ve i\u015flenmekte olan Verilerin bir kopyas\u0131n\u0131 alma hakk\u0131na sahiptir.<\/li>\n\n\n\n<li><strong>Do\u011frulay\u0131n ve d\u00fczeltme isteyin.<\/strong>  Kullan\u0131c\u0131lar, Verilerinin do\u011frulu\u011funu teyit etme ve g\u00fcncellenmesini veya d\u00fczeltilmesini isteme hakk\u0131na sahiptir.<\/li>\n\n\n\n<li><strong>Verilerinin i\u015flenmesini k\u0131s\u0131tlama.<\/strong>  Kullan\u0131c\u0131lar, Verilerinin i\u015flenmesini k\u0131s\u0131tlama hakk\u0131na sahiptir.\nBu durumda, Sahip, Verilerini depolamak d\u0131\u015f\u0131nda herhangi bir ama\u00e7 i\u00e7in i\u015flemeyecektir. <\/li>\n\n\n\n<li><strong>Ki\u015fisel Verilerinin silinmesini veya ba\u015fka bir \u015fekilde kald\u0131r\u0131lmas\u0131n\u0131 sa\u011flamak.<\/strong>  Kullan\u0131c\u0131lar, Verilerinin silinmesini Sahibinden talep etme hakk\u0131na sahiptir.<\/li>\n\n\n\n<li><strong>Verilerini al\u0131n ve ba\u015fka bir kontrol\u00f6re aktar\u0131lmas\u0131n\u0131 sa\u011flay\u0131n.<\/strong>  Kullan\u0131c\u0131lar, Verilerini yap\u0131land\u0131r\u0131lm\u0131\u015f, yayg\u0131n olarak kullan\u0131lan ve makine taraf\u0131ndan okunabilir bir formatta alma ve teknik olarak m\u00fcmk\u00fcnse, herhangi bir engelleme olmaks\u0131z\u0131n ba\u015fka bir kontrol\u00f6re iletilmesini sa\u011flama hakk\u0131na sahiptir.<\/li>\n\n\n\n<li><strong>Bir \u015fikayette bulunun.<\/strong>  Kullan\u0131c\u0131lar, yetkili veri koruma makamlar\u0131 nezdinde hak talebinde bulunma hakk\u0131na sahiptir.<\/li>\n<\/ul>\n\n<p>Kullan\u0131c\u0131lar ayr\u0131ca, uluslararas\u0131 kamu hukuku taraf\u0131ndan y\u00f6netilen veya BM gibi iki veya daha fazla \u00fclke taraf\u0131ndan kurulan herhangi bir uluslararas\u0131 kurulu\u015f da dahil olmak \u00fczere yurtd\u0131\u015f\u0131ndaki Veri aktar\u0131mlar\u0131n\u0131n yasal dayana\u011f\u0131 ve Verilerini korumak i\u00e7in Sahibi taraf\u0131ndan al\u0131nan g\u00fcvenlik \u00f6nlemleri hakk\u0131nda bilgi edinme hakk\u0131na sahiptir.<\/p>\n\n<h3 class=\"wp-block-heading\">\u0130\u015flemeye itiraz etme hakk\u0131 hakk\u0131nda ayr\u0131nt\u0131lar<\/h3>\n\n<p><strong>Ki\u015fisel Verilerin bir kamu yarar\u0131 i\u00e7in, Sahibine verilen resmi bir yetkinin kullan\u0131lmas\u0131nda veya Sahibinin izledi\u011fi me\u015fru menfaatlerin ama\u00e7lar\u0131 do\u011frultusunda i\u015flendi\u011fi durumlarda, Kullan\u0131c\u0131lar, itiraz\u0131 hakl\u0131 \u00e7\u0131karmak i\u00e7in kendi \u00f6zel durumlar\u0131yla ilgili bir gerek\u00e7e sunarak bu t\u00fcr i\u015flemlere itiraz edebilirler.<\/strong><\/p>\n\n<p><strong>Bununla birlikte, Kullan\u0131c\u0131lar, Ki\u015fisel Verilerinin do\u011frudan pazarlama amac\u0131yla i\u015flenmesi halinde, bu i\u015flemeye istedikleri zaman, \u00fccretsiz olarak ve herhangi bir gerek\u00e7e g\u00f6stermeksizin itiraz edebileceklerini bilmelidir.\nKullan\u0131c\u0131n\u0131n do\u011frudan pazarlama amac\u0131yla i\u015flemeye itiraz etti\u011fi durumlarda, Ki\u015fisel Veriler art\u0131k bu t\u00fcr ama\u00e7lar i\u00e7in i\u015flenmeyecektir.\nSahibinin Ki\u015fisel Verileri do\u011frudan pazarlama amac\u0131yla i\u015fleyip i\u015flemedi\u011fini \u00f6\u011frenmek i\u00e7in Kullan\u0131c\u0131lar bu belgenin ilgili b\u00f6l\u00fcmlerine ba\u015fvurabilir.  <\/strong><\/p>\n\n<h3 class=\"wp-block-heading\">Bu haklar nas\u0131l kullan\u0131l\u0131r?<\/h3>\n\n<p>Kullan\u0131c\u0131 haklar\u0131n\u0131 kullanmak i\u00e7in herhangi bir talep, bu belgede sa\u011flanan ileti\u015fim bilgileri arac\u0131l\u0131\u011f\u0131yla Sahibine y\u00f6nlendirilebilir.\nBu t\u00fcr talepler \u00fccretsizdir ve Sahip taraf\u0131ndan m\u00fcmk\u00fcn oldu\u011funca erken ve her zaman bir ay i\u00e7inde yan\u0131tlanacak ve Kullan\u0131c\u0131lara yasalar\u0131n gerektirdi\u011fi bilgileri sa\u011flayacakt\u0131r.\nKi\u015fisel Verilerin d\u00fczeltilmesi veya silinmesi veya i\u015flemenin k\u0131s\u0131tlanmas\u0131, imkans\u0131z oldu\u011fu veya orant\u0131s\u0131z bir \u00e7aba gerektirmedi\u011fi s\u00fcrece, Ki\u015fisel Verilerin if\u015fa edildi\u011fi her al\u0131c\u0131ya, varsa, Sahibi taraf\u0131ndan iletilecektir.\nKullan\u0131c\u0131lar\u0131n talebi \u00fczerine, Mal Sahibi onlar\u0131 bu al\u0131c\u0131lar hakk\u0131nda bilgilendirecektir.   <\/p>\n\n<h2 class=\"wp-block-heading\" id=\"further_data_processing_info\">Veri toplama ve i\u015fleme hakk\u0131nda ek bilgiler<\/h2>\n\n<h3 class=\"wp-block-heading\">Yasal i\u015flem<\/h3>\n\n<p>Kullan\u0131c\u0131n\u0131n Ki\u015fisel Verileri, Mahkeme&#8217;de veya bu Uygulaman\u0131n veya ilgili Hizmetlerin uygunsuz kullan\u0131m\u0131ndan kaynaklanan olas\u0131 yasal i\u015flemlere yol a\u00e7an a\u015famalarda Mal Sahibi taraf\u0131ndan yasal ama\u00e7larla kullan\u0131labilir.<br\/>Kullan\u0131c\u0131, resmi makamlar\u0131n talebi \u00fczerine Sahibinin ki\u015fisel verileri if\u015fa etmesi gerekebilece\u011finin fark\u0131nda oldu\u011funu beyan eder.<\/p>\n\n<h3 class=\"wp-block-heading\">Kullan\u0131c\u0131n\u0131n Ki\u015fisel Verileri hakk\u0131nda ek bilgi<\/h3>\n\n<p>Bu gizlilik politikas\u0131nda yer alan bilgilere ek olarak, bu Uygulama, talep \u00fczerine Kullan\u0131c\u0131ya belirli Hizmetler veya Ki\u015fisel Verilerin toplanmas\u0131 ve i\u015flenmesi ile ilgili ek ve ba\u011flamsal bilgiler sa\u011flayabilir.<\/p>\n\n<h3 class=\"wp-block-heading\">Sistem g\u00fcnl\u00fckleri ve bak\u0131m\u0131<\/h3>\n\n<p>\u0130\u015fletme ve bak\u0131m amac\u0131yla, bu Uygulama ve herhangi bir \u00fc\u00e7\u00fcnc\u00fc taraf hizmeti, bu Uygulama ile etkile\u015fimi kaydeden dosyalar\u0131 (Sistem g\u00fcnl\u00fckleri) toplayabilir veya bu ama\u00e7la di\u011fer Ki\u015fisel Verileri (IP Adresi gibi) kullanabilir.<\/p>\n\n<h3 class=\"wp-block-heading\">Bu politikada yer almayan bilgiler<\/h3>\n\n<p>Ki\u015fisel Verilerin toplanmas\u0131 veya i\u015flenmesi ile ilgili daha fazla ayr\u0131nt\u0131, herhangi bir zamanda Sahibinden talep edilebilir.\nL\u00fctfen bu belgenin ba\u015f\u0131ndaki ileti\u015fim bilgilerine bak\u0131n. <\/p>\n\n<h3 class=\"wp-block-heading\">Bu gizlilik politikas\u0131ndaki de\u011fi\u015fiklikler<\/h3>\n\n<p>Sahibi, Kullan\u0131c\u0131lar\u0131n\u0131 bu sayfada ve muhtemelen bu Uygulama i\u00e7inde bilgilendirerek ve\/veya &#8211; teknik ve yasal olarak m\u00fcmk\u00fcn oldu\u011fu \u00f6l\u00e7\u00fcde &#8211; Sahibinin kullanabilece\u011fi herhangi bir ileti\u015fim bilgisi arac\u0131l\u0131\u011f\u0131yla Kullan\u0131c\u0131lara bir bildirim g\u00f6ndererek bu gizlilik politikas\u0131nda istedi\u011fi zaman de\u011fi\u015fiklik yapma hakk\u0131n\u0131 sakl\u0131 tutar.\nEn altta listelenen son de\u011fi\u015fiklik tarihine bakarak bu sayfay\u0131 s\u0131k s\u0131k kontrol etmeniz \u015fiddetle tavsiye edilir. <br\/><br\/>De\u011fi\u015fikliklerin, Kullan\u0131c\u0131n\u0131n r\u0131zas\u0131 temelinde ger\u00e7ekle\u015ftirilen i\u015fleme faaliyetlerini etkilemesi durumunda, Mal Sahibi, gerekti\u011finde Kullan\u0131c\u0131dan yeni onay alacakt\u0131r.<\/p>\n\n<div class=\"wp-block-group has-cyan-bluish-gray-background-color has-background has-small-font-size\"><div class=\"wp-block-group__inner-container is-layout-constrained wp-block-group-is-layout-constrained\">\n<details class=\"wp-block-details has-small-font-size is-layout-flow wp-block-details-is-layout-flow\"><summary>Tan\u0131mlar ve Yasal Referanslar<\/summary>\n<h4 class=\"wp-block-heading has-small-font-size\">Ki\u015fisel Veriler (veya Veriler)<\/h4>\n\n\n\n<p>Do\u011frudan, dolayl\u0131 olarak veya di\u011fer bilgilerle ba\u011flant\u0131l\u0131 olarak &#8211; ki\u015fisel kimlik numaras\u0131 da dahil olmak \u00fczere &#8211; ger\u00e7ek bir ki\u015finin tan\u0131mlanmas\u0131na veya tan\u0131mlanabilirli\u011fine olanak tan\u0131yan her t\u00fcrl\u00fc bilgi.<\/p>\n\n\n\n<h4 class=\"wp-block-heading has-small-font-size\">Kullan\u0131m Verileri<\/h4>\n\n\n\n<p>Bu Uygulama (veya bu Uygulamada kullan\u0131lan \u00fc\u00e7\u00fcnc\u00fc taraf hizmetleri) arac\u0131l\u0131\u011f\u0131yla otomatik olarak toplanan bilgiler \u015funlar\u0131 i\u00e7erebilir: bu Uygulamay\u0131 kullanan Kullan\u0131c\u0131lar taraf\u0131ndan kullan\u0131lan bilgisayarlar\u0131n IP adresleri veya alan adlar\u0131, URI adresleri (Tekd\u00fczen Kaynak Tan\u0131mlay\u0131c\u0131s\u0131), talebin zaman\u0131, talebi sunucuya g\u00f6ndermek i\u00e7in kullan\u0131lan y\u00f6ntem, yan\u0131t olarak al\u0131nan dosyan\u0131n boyutu, sunucunun yan\u0131t\u0131n\u0131n durumunu g\u00f6steren say\u0131sal kod (ba\u015far\u0131l\u0131 sonu\u00e7, hata vb.).), men\u015fe \u00fclke, Kullan\u0131c\u0131 taraf\u0131ndan kullan\u0131lan taray\u0131c\u0131 ve i\u015fletim sisteminin \u00f6zellikleri, ziyaret ba\u015f\u0131na \u00e7e\u015fitli zaman ayr\u0131nt\u0131lar\u0131 (\u00f6rn, Uygulama i\u00e7indeki her sayfada harcanan zaman) ve ziyaret edilen sayfalar\u0131n s\u0131ras\u0131na \u00f6zel at\u0131fta bulunarak Uygulama i\u00e7inde izlenen yolla ilgili ayr\u0131nt\u0131lar ve cihaz i\u015fletim sistemi ve\/veya Kullan\u0131c\u0131n\u0131n BT ortam\u0131yla ilgili di\u011fer parametreler.<\/p>\n\n\n\n<h4 class=\"wp-block-heading has-small-font-size\">Kullan\u0131c\u0131<\/h4>\n\n\n\n<p>Bu Uygulamay\u0131 kullanan ve aksi belirtilmedik\u00e7e Veri Sahibi ile ayn\u0131 anlama gelen ki\u015fi.<\/p>\n\n\n\n<h4 class=\"wp-block-heading has-small-font-size\">Veri Sahibi<\/h4>\n\n\n\n<p>Ki\u015fisel Verilerin at\u0131fta bulundu\u011fu ger\u00e7ek ki\u015fi.<\/p>\n\n\n\n<h4 class=\"wp-block-heading has-small-font-size\">Veri \u0130\u015fleyici (veya \u0130\u015flemci)<\/h4>\n\n\n\n<p>Bu gizlilik politikas\u0131nda a\u00e7\u0131kland\u0131\u011f\u0131 \u00fczere, Kontrol\u00f6r ad\u0131na Ki\u015fisel Verileri i\u015fleyen ger\u00e7ek veya t\u00fczel ki\u015fi, kamu otoritesi, ajans veya di\u011fer organ.<\/p>\n\n\n\n<h4 class=\"wp-block-heading has-small-font-size\">Veri Sorumlusu (veya Sahibi)<\/h4>\n\n\n\n<p>Tek ba\u015f\u0131na veya ba\u015fkalar\u0131yla birlikte, bu Uygulaman\u0131n i\u015fletilmesi ve kullan\u0131m\u0131na ili\u015fkin g\u00fcvenlik \u00f6nlemleri de dahil olmak \u00fczere Ki\u015fisel Verilerin i\u015flenme ama\u00e7lar\u0131n\u0131 ve ara\u00e7lar\u0131n\u0131 belirleyen ger\u00e7ek veya t\u00fczel ki\u015fi, kamu otoritesi, ajans veya di\u011fer organ.\nVeri Sorumlusu, aksi belirtilmedik\u00e7e, bu Uygulaman\u0131n Sahibidir. <\/p>\n\n\n\n<h4 class=\"wp-block-heading has-small-font-size\">Bu Uygulama<\/h4>\n\n\n\n<p>Kullan\u0131c\u0131n\u0131n Ki\u015fisel Verilerinin hangi yollarla topland\u0131\u011f\u0131 ve i\u015flendi\u011fi.<\/p>\n\n\n\n<h4 class=\"wp-block-heading has-small-font-size\">Hizmet<\/h4>\n\n\n\n<p>Bu Uygulama taraf\u0131ndan ilgili \u015fartlarda (varsa) ve bu sitede\/uygulamada a\u00e7\u0131kland\u0131\u011f\u0131 \u015fekilde sa\u011flanan hizmet.<\/p>\n\n\n\n<h4 class=\"wp-block-heading has-small-font-size\">Avrupa Birli\u011fi (veya AB)<\/h4>\n\n\n\n<p>Aksi belirtilmedik\u00e7e, bu belgede Avrupa Birli\u011fi&#8217;ne yap\u0131lan t\u00fcm at\u0131flar, Avrupa Birli\u011fi ve Avrupa Ekonomik Alan\u0131&#8217;n\u0131n mevcut t\u00fcm \u00fcye devletlerini kapsamaktad\u0131r.<\/p>\n\n\n\n<h4 class=\"wp-block-heading has-small-font-size\">\u00c7erezler<\/h4>\n\n\n\n<p>\u00c7erezler, Kullan\u0131c\u0131n\u0131n taray\u0131c\u0131s\u0131nda depolanan k\u00fc\u00e7\u00fck veri k\u00fcmelerinden olu\u015fan \u0130zleyicilerdir.<\/p>\n\n\n\n<h4 class=\"wp-block-heading has-small-font-size\">\u0130zleyici<\/h4>\n\n\n\n<p>\u0130zleyici, \u00f6rne\u011fin Kullan\u0131c\u0131n\u0131n cihaz\u0131ndaki bilgilere eri\u015ferek veya bunlar\u0131 depolayarak Kullan\u0131c\u0131lar\u0131n izlenmesini sa\u011flayan herhangi bir teknolojiyi (\u00f6rne\u011fin \u00c7erezler, benzersiz tan\u0131mlay\u0131c\u0131lar, web i\u015faret\u00e7ileri, g\u00f6m\u00fcl\u00fc komut dosyalar\u0131, e-etiketler ve parmak izi) belirtir.<\/p>\n\n\n\n<h4 class=\"wp-block-heading has-small-font-size\">Yasal bilgiler<\/h4>\n\n\n\n<p>Bu gizlilik politikas\u0131, bu belgede aksi belirtilmedi\u011fi s\u00fcrece yaln\u0131zca bu Uygulama ile ilgilidir.<\/p>\n<\/details>\n<\/div><\/div>\n","protected":false},"excerpt":{"rendered":"<p>Web sitesi adresimiz: https:\/\/arkitek.net. Bu web sitesi Kullan\u0131c\u0131lar\u0131ndan baz\u0131 Ki\u015fisel Veriler toplamaktad\u0131r. Web sitemizi i\u015fletirken toplayabilece\u011fimiz her t\u00fcrl\u00fc bilgi ile ilgili olarak gizlili\u011finize sayg\u0131 g\u00f6stermek ARK\u0130TEK Telekom\u00fcnikasyon A.\u015e.&#8217;nin politikas\u0131d\u0131r. Bu Gizlilik Politikas\u0131 https:\/\/arkitek.net (bundan b\u00f6yle &#8220;biz&#8221;, &#8220;Uygulama&#8221; veya &#8220;https:\/\/arkitek.net&#8221; olarak an\u0131lacakt\u0131r) i\u00e7in ge\u00e7erlidir. Gizlili\u011finize sayg\u0131 duyuyoruz ve Web Sitesi arac\u0131l\u0131\u011f\u0131yla bize sa\u011flayabilece\u011finiz ki\u015fisel olarak tan\u0131mlanabilir &hellip; <\/p>\n<p class=\"link-more\"><a href=\"https:\/\/arkitek.net\/tr\/yasal\/gizlilik-politikasi\/\" class=\"more-link\">Okumaya devam et<span class=\"screen-reader-text\"> &#8220;Gizlilik Politikas\u0131&#8221;<\/span><\/a><\/p>\n","protected":false},"author":1,"featured_media":1081,"parent":591,"menu_order":2,"comment_status":"closed","ping_status":"closed","template":"","meta":{"inline_featured_image":false,"footnotes":""},"class_list":["post-841","page","type-page","status-publish","has-post-thumbnail","hentry"],"_links":{"self":[{"href":"https:\/\/arkitek.net\/tr\/wp-json\/wp\/v2\/pages\/841","targetHints":{"allow":["GET"]}}],"collection":[{"href":"https:\/\/arkitek.net\/tr\/wp-json\/wp\/v2\/pages"}],"about":[{"href":"https:\/\/arkitek.net\/tr\/wp-json\/wp\/v2\/types\/page"}],"author":[{"embeddable":true,"href":"https:\/\/arkitek.net\/tr\/wp-json\/wp\/v2\/users\/1"}],"replies":[{"embeddable":true,"href":"https:\/\/arkitek.net\/tr\/wp-json\/wp\/v2\/comments?post=841"}],"version-history":[{"count":0,"href":"https:\/\/arkitek.net\/tr\/wp-json\/wp\/v2\/pages\/841\/revisions"}],"up":[{"embeddable":true,"href":"https:\/\/arkitek.net\/tr\/wp-json\/wp\/v2\/pages\/591"}],"wp:featuredmedia":[{"embeddable":true,"href":"https:\/\/arkitek.net\/tr\/wp-json\/wp\/v2\/media\/1081"}],"wp:attachment":[{"href":"https:\/\/arkitek.net\/tr\/wp-json\/wp\/v2\/media?parent=841"}],"curies":[{"name":"wp","href":"https:\/\/api.w.org\/{rel}","templated":true}]}}