
{"id":591,"date":"2024-07-01T17:58:17","date_gmt":"2024-07-01T14:58:17","guid":{"rendered":"https:\/\/new.arkitek.net\/yasal-bildirimler\/"},"modified":"2024-07-10T13:24:29","modified_gmt":"2024-07-10T10:24:29","slug":"yasal","status":"publish","type":"page","link":"https:\/\/arkitek.net\/tr\/yasal\/","title":{"rendered":"Yasal Bildirimler"},"content":{"rendered":"\n<h2 class=\"wp-block-heading\"><a href=\"https:\/\/arkitek.net\/tr\/yasal\/hizmet-kosullari\/\" data-type=\"page\" data-id=\"52\">Hizmet Ko\u015fullar\u0131<\/a><\/h2>\n\n<p>Bu Ko\u015fullar, Site&#8217;ye eri\u015fiminizi ve Site&#8217;yi kullan\u0131m\u0131n\u0131z\u0131 ve Site arac\u0131l\u0131\u011f\u0131yla sa\u011flanan t\u00fcm hizmetleri y\u00f6netir ve sizinle ARK\u0130TEK Telekom\u00fcnikasyon A.\u015e. aras\u0131nda ba\u011flay\u0131c\u0131 bir yasal anla\u015fma te\u015fkil eder.<\/p>\n\n<h2 class=\"wp-block-heading\"><a href=\"https:\/\/arkitek.net\/tr\/yasal\/gizlilik-politikasi\/\" data-type=\"page\" data-id=\"783\">Gizlilik Politikas\u0131<\/a><\/h2>\n\n<p>ARK\u0130TEK Telekom\u00fcnikasyon A.\u015e. bu Gizlilik Politikas\u0131n\u0131, <a href=\"https:\/\/arkitek.net\">arkitek.net<\/a> adresinde bulunan bu web sitesinin kullan\u0131c\u0131lar\u0131ndan al\u0131nan ki\u015fisel olarak tan\u0131mlanabilir bilgilerin toplanmas\u0131, kullan\u0131lmas\u0131 ve if\u015fa edilmesine ili\u015fkin politika ve prosed\u00fcrlerimiz hakk\u0131nda kullan\u0131c\u0131lar\u0131 bilgilendirmek i\u00e7in sunmaktad\u0131r. Bu Gizlilik Politikas\u0131n\u0131n yaln\u0131zca bu Site i\u00e7in ge\u00e7erli oldu\u011funu l\u00fctfen unutmay\u0131n. Bu Gizlilik Politikas\u0131 herhangi bir nedenle zaman zaman g\u00fcncellenebilir. Yeni Gizlilik Politikas\u0131n\u0131 Sitemizde yay\u0131nlayarak Gizlilik Politikam\u0131zdaki \u00f6nemli de\u011fi\u015fiklikleri size bildirece\u011fiz.  <\/p>\n\n<h2 class=\"wp-block-heading\"><a href=\"https:\/\/arkitek.net\/tr\/yasal\/cerez-politikasi\/\" data-type=\"page\" data-id=\"54\">\u00c7erez Politikas\u0131<\/a><\/h2>\n\n<p>ARK\u0130TEK Telekom\u00fcnikasyon A.\u015e. (&#8220;biz&#8221;), web sitemizde \u00e7erezleri ve pikseller, etiketler ve i\u015faret\u00e7iler gibi di\u011fer teknolojileri kullanma \u015feklimizi ana hatlar\u0131yla belirtmek i\u00e7in bu \u00c7erez Politikas\u0131n\u0131 yay\u0131nlam\u0131\u015ft\u0131r.<\/p>\n","protected":false},"excerpt":{"rendered":"<p>Hizmet Ko\u015fullar\u0131 Bu Ko\u015fullar, Site&#8217;ye eri\u015fiminizi ve Site&#8217;yi kullan\u0131m\u0131n\u0131z\u0131 ve Site arac\u0131l\u0131\u011f\u0131yla sa\u011flanan t\u00fcm hizmetleri y\u00f6netir ve sizinle ARK\u0130TEK Telekom\u00fcnikasyon A.\u015e. aras\u0131nda ba\u011flay\u0131c\u0131 bir yasal anla\u015fma te\u015fkil eder. Gizlilik Politikas\u0131 ARK\u0130TEK Telekom\u00fcnikasyon A.\u015e. bu Gizlilik Politikas\u0131n\u0131, arkitek.net adresinde bulunan bu web sitesinin kullan\u0131c\u0131lar\u0131ndan al\u0131nan ki\u015fisel olarak tan\u0131mlanabilir bilgilerin toplanmas\u0131, kullan\u0131lmas\u0131 ve if\u015fa edilmesine ili\u015fkin politika &hellip; <\/p>\n<p class=\"link-more\"><a href=\"https:\/\/arkitek.net\/tr\/yasal\/\" class=\"more-link\">Okumaya devam et<span class=\"screen-reader-text\"> &#8220;Yasal Bildirimler&#8221;<\/span><\/a><\/p>\n","protected":false},"author":1,"featured_media":1081,"parent":0,"menu_order":0,"comment_status":"closed","ping_status":"closed","template":"","meta":{"inline_featured_image":false,"footnotes":""},"class_list":["post-591","page","type-page","status-publish","has-post-thumbnail","hentry"],"_links":{"self":[{"href":"https:\/\/arkitek.net\/tr\/wp-json\/wp\/v2\/pages\/591","targetHints":{"allow":["GET"]}}],"collection":[{"href":"https:\/\/arkitek.net\/tr\/wp-json\/wp\/v2\/pages"}],"about":[{"href":"https:\/\/arkitek.net\/tr\/wp-json\/wp\/v2\/types\/page"}],"author":[{"embeddable":true,"href":"https:\/\/arkitek.net\/tr\/wp-json\/wp\/v2\/users\/1"}],"replies":[{"embeddable":true,"href":"https:\/\/arkitek.net\/tr\/wp-json\/wp\/v2\/comments?post=591"}],"version-history":[{"count":0,"href":"https:\/\/arkitek.net\/tr\/wp-json\/wp\/v2\/pages\/591\/revisions"}],"wp:featuredmedia":[{"embeddable":true,"href":"https:\/\/arkitek.net\/tr\/wp-json\/wp\/v2\/media\/1081"}],"wp:attachment":[{"href":"https:\/\/arkitek.net\/tr\/wp-json\/wp\/v2\/media?parent=591"}],"curies":[{"name":"wp","href":"https:\/\/api.w.org\/{rel}","templated":true}]}}