
{"id":326,"date":"2024-07-01T17:55:25","date_gmt":"2024-07-01T14:55:25","guid":{"rendered":"https:\/\/new.arkitek.net\/anasayfa\/profesyonel-hizmetler\/"},"modified":"2024-07-10T13:52:53","modified_gmt":"2024-07-10T10:52:53","slug":"homepage-section-professional-services-tr","status":"publish","type":"page","link":"https:\/\/arkitek.net\/tr\/anasayfa\/homepage-section-professional-services-tr\/","title":{"rendered":"Profesyonel Hizmetler"},"content":{"rendered":"\n<p>ARK\u0130TEK\u2019in <a href=\"https:\/\/arkitek.net\/tr\/hizmetler\/\" data-type=\"page\" data-id=\"74\">hizmet portf\u00f6y\u00fcnde<\/a> s\u0131n\u0131rlar bulunmaz. \u00d6ncelikle sizi ve projenizin hedeflerini dinleriz, ihtiya\u00e7lar\u0131n\u0131z\u0131 anlar\u0131z, kendisini ispatlam\u0131\u015f metodolojilerimiz, \u00fcretici ba\u011f\u0131ms\u0131z teknik bilgimiz ve k\u00fcresel deneyimimiz ile b\u00fct\u00e7enize ve ihtiya\u00e7lar\u0131n\u0131za en uygun \u00e7\u00f6z\u00fcmleri se\u00e7enek olarak sizlere sunar\u0131z. Projelerin ba\u015flang\u0131c\u0131ndan sonuna kadar uygulanmas\u0131n\u0131 takip edebilir, u\u00e7tan-uca sorumlulu\u011funu alabilir, t\u00fcm \u00e7\u00f6z\u00fcm\u00fcn ba\u015far\u0131yla devreye al\u0131n\u0131p hizmete girmesine kadar olu\u015fabilecek riskleri sizler i\u00e7in y\u00f6netebiliriz. <\/p>\n\n<p><a href=\"https:\/\/arkitek.net\/tr\/hizmetler\/\" data-type=\"page\" data-id=\"74\">Daha fazla bilgi i\u00e7in<\/a>&#8230;<\/p>\n","protected":false},"excerpt":{"rendered":"<p>ARK\u0130TEK\u2019in hizmet portf\u00f6y\u00fcnde s\u0131n\u0131rlar bulunmaz. \u00d6ncelikle sizi ve projenizin hedeflerini dinleriz, ihtiya\u00e7lar\u0131n\u0131z\u0131 anlar\u0131z, kendisini ispatlam\u0131\u015f metodolojilerimiz, \u00fcretici ba\u011f\u0131ms\u0131z teknik bilgimiz ve k\u00fcresel deneyimimiz ile b\u00fct\u00e7enize ve ihtiya\u00e7lar\u0131n\u0131za en uygun \u00e7\u00f6z\u00fcmleri se\u00e7enek olarak sizlere sunar\u0131z. Projelerin ba\u015flang\u0131c\u0131ndan sonuna kadar uygulanmas\u0131n\u0131 takip edebilir, u\u00e7tan-uca sorumlulu\u011funu alabilir, t\u00fcm \u00e7\u00f6z\u00fcm\u00fcn ba\u015far\u0131yla devreye al\u0131n\u0131p hizmete girmesine kadar olu\u015fabilecek riskleri sizler &hellip; <\/p>\n<p class=\"link-more\"><a href=\"https:\/\/arkitek.net\/tr\/anasayfa\/homepage-section-professional-services-tr\/\" class=\"more-link\">Okumaya devam et<span class=\"screen-reader-text\"> &#8220;Profesyonel Hizmetler&#8221;<\/span><\/a><\/p>\n","protected":false},"author":1,"featured_media":223,"parent":296,"menu_order":2,"comment_status":"closed","ping_status":"closed","template":"","meta":{"inline_featured_image":false,"footnotes":""},"class_list":["post-326","page","type-page","status-publish","has-post-thumbnail","hentry"],"_links":{"self":[{"href":"https:\/\/arkitek.net\/tr\/wp-json\/wp\/v2\/pages\/326","targetHints":{"allow":["GET"]}}],"collection":[{"href":"https:\/\/arkitek.net\/tr\/wp-json\/wp\/v2\/pages"}],"about":[{"href":"https:\/\/arkitek.net\/tr\/wp-json\/wp\/v2\/types\/page"}],"author":[{"embeddable":true,"href":"https:\/\/arkitek.net\/tr\/wp-json\/wp\/v2\/users\/1"}],"replies":[{"embeddable":true,"href":"https:\/\/arkitek.net\/tr\/wp-json\/wp\/v2\/comments?post=326"}],"version-history":[{"count":0,"href":"https:\/\/arkitek.net\/tr\/wp-json\/wp\/v2\/pages\/326\/revisions"}],"up":[{"embeddable":true,"href":"https:\/\/arkitek.net\/tr\/wp-json\/wp\/v2\/pages\/296"}],"wp:featuredmedia":[{"embeddable":true,"href":"https:\/\/arkitek.net\/tr\/wp-json\/wp\/v2\/media\/223"}],"wp:attachment":[{"href":"https:\/\/arkitek.net\/tr\/wp-json\/wp\/v2\/media?parent=326"}],"curies":[{"name":"wp","href":"https:\/\/api.w.org\/{rel}","templated":true}]}}