
{"id":869,"date":"2024-07-01T18:06:57","date_gmt":"2024-07-01T15:06:57","guid":{"rendered":"https:\/\/new.arkitek.net\/juridiska-meddelanden\/policy-for-cookies\/"},"modified":"2024-07-10T13:22:36","modified_gmt":"2024-07-10T10:22:36","slug":"policy-for-cookies","status":"publish","type":"page","link":"https:\/\/arkitek.net\/sv\/legal\/policy-for-cookies\/","title":{"rendered":"Policy f\u00f6r Cookies"},"content":{"rendered":"\n<p>ARKITEK Telekom\u00fcnikasyon A.\u015e. (&#8221;vi&#8221;) har utf\u00e4rdat denna cookiepolicy f\u00f6r att beskriva hur vi anv\u00e4nder cookies och annan teknik som pixlar, taggar och beacons p\u00e5 v\u00e5r webbplats.<\/p>\n\n<p>De specifika namnen p\u00e5 och typerna av cookies, pixlar och liknande tekniker som vi anv\u00e4nder f\u00f6r att samla in information kan \u00e4ndras fr\u00e5n tid till annan. F\u00f6r att hj\u00e4lpa dig att b\u00e4ttre f\u00f6rst\u00e5 v\u00e5r cookiepolicy ger vi nedan f\u00f6ljande f\u00f6rklaringar av vad cookies, pixlar, taggar och beacons betyder: <\/p>\n\n<ul class=\"wp-block-list\">\n<li>Cookies (kakor): En cookie \u00e4r en liten textfil som en webbplats sparar p\u00e5 din dator eller mobila enhet n\u00e4r du bes\u00f6ker webbplatsen. Den g\u00f6r det m\u00f6jligt f\u00f6r webbplatsen att komma ih\u00e5g dina \u00e5tg\u00e4rder och preferenser (t.ex. inloggning, spr\u00e5k, teckenstorlek och andra visningspreferenser) under en tidsperiod, s\u00e5 att du inte beh\u00f6ver ange dem p\u00e5 nytt n\u00e4r du kommer tillbaka till webbplatsen eller bl\u00e4ddrar fr\u00e5n en sida till en annan. <\/li>\n\n\n\n<li>Pixlar, taggar och beacons (sp\u00e5rare): Dessa h\u00e4nvisar till sm\u00e5 grafiska bilder som kan ing\u00e5 p\u00e5 v\u00e5ra webbplatser, tj\u00e4nster, applikationer, meddelanden och verktyg, som vanligtvis fungerar tillsammans med cookies f\u00f6r att identifiera v\u00e5ra anv\u00e4ndare och anv\u00e4ndarbeteende.<\/li>\n<\/ul>\n\n<h2 class=\"wp-block-heading\">Hur anv\u00e4nder vi cookies?<\/h2>\n\n<p>Cookies anv\u00e4nds f\u00f6r att k\u00e4nna igen dig n\u00e4r du bes\u00f6ker v\u00e5r webbplats och f\u00f6r att komma ih\u00e5g dina preferenser. Information som vi f\u00e5r fr\u00e5n v\u00e5r anv\u00e4ndning av cookies anv\u00e4nds inte f\u00f6r att identifiera dig personligen om du inte loggar in p\u00e5 n\u00e5gon av v\u00e5ra webbsidor. Vi anv\u00e4nder cookies f\u00f6r de syften som anges h\u00e4r.  <\/p>\n\n<p>V\u00e5ra cookies anv\u00e4nds f\u00f6r att:<\/p>\n\n<ul class=\"wp-block-list\">\n<li>Visa dig r\u00e4tt information och anpassa din onlineupplevelse om du \u00e4r inloggad p\u00e5 n\u00e5gon av v\u00e5ra webbsidor.<\/li>\n\n\n\n<li>Kom ih\u00e5g vilket spr\u00e5k du f\u00f6redrar.<\/li>\n\n\n\n<li>Hj\u00e4lpa anv\u00e4ndare att fylla i formul\u00e4r p\u00e5 v\u00e5r webbplats p\u00e5 ett enklare s\u00e4tt.<\/li>\n\n\n\n<li>F\u00f6rst\u00e5 v\u00e5r webbplats prestanda.<\/li>\n\n\n\n<li>Kom ih\u00e5g om du har godk\u00e4nt v\u00e5r anv\u00e4ndning av cookies p\u00e5 v\u00e5r webbplats.<\/li>\n<\/ul>\n\n<p>\u00c4ven vissa videor som \u00e4r inb\u00e4ddade p\u00e5 v\u00e5ra sidor anv\u00e4nder en cookie f\u00f6r att anonymt samla in statistik om hur du kom dit och vilka videor du bes\u00f6kte.<\/p>\n\n<p>Sessionscookies finns kvar tills du slutar surfa. Permanenta cookies ligger kvar tills de raderas eller upph\u00f6r att g\u00e4lla. De flesta av de cookies som anv\u00e4nds p\u00e5 v\u00e5r webbplats \u00e4r best\u00e4ndiga. De upph\u00f6r att g\u00e4lla mellan nittio dagar och tv\u00e5 \u00e5r fr\u00e5n det datum d\u00e5 de laddades ner till din enhet.   <\/p>\n\n<p>Cookies lagras ocks\u00e5 av tredjepartsleverant\u00f6rer som Google, LinkedIn och Twitter, f\u00f6retagstj\u00e4nster som m\u00e4ter effektiviteten p\u00e5 v\u00e5ra webbsidor baserat p\u00e5 anonym information om varifr\u00e5n anv\u00e4ndarna kommer, vilka funktioner p\u00e5 webbplatsen de interagerar med och hur l\u00e5ng tid de tillbringar p\u00e5 v\u00e5r webbplats.<\/p>\n\n<p>L\u00e4s mer om n\u00e5gra av de cookies fr\u00e5n tredje part som vi anv\u00e4nder och hur du inaktiverar dessa cookies:<\/p>\n\n<ul class=\"wp-block-list\">\n<li>Google: <a href=\"https:\/\/www.google.com\/analytics\/terms\/us.html\" target=\"_blank\" rel=\"noreferrer noopener nofollow\">https:\/\/www.google.com\/analytics\/terms\/us.html<\/a><\/li>\n\n\n\n<li>Twitter: <a href=\"https:\/\/help.twitter.com\/en\/rules-and-policies\/twitter-cookies\" target=\"_blank\" rel=\"noreferrer noopener nofollow\">https:\/\/help.twitter.com\/en\/rules-and-policies\/twitter-cookies<\/a><\/li>\n<\/ul>\n\n<p>Att aktivera de cookies som beskrivs ovan \u00e4r inte absolut n\u00f6dv\u00e4ndigt f\u00f6r att v\u00e5r webbplats ska fungera, men det kommer att ge dig en b\u00e4ttre upplevelse. Du kan radera eller blockera dessa cookies, men om du g\u00f6r det kanske vissa funktioner p\u00e5 denna webbplats inte fungerar som avsett. <\/p>\n\n<h2 class=\"wp-block-heading\">Hur du kontrollerar cookies<\/h2>\n\n<p>Du kan styra och\/eller ta bort cookies som du vill &#8211; f\u00f6r mer information, se <a href=\"http:\/\/aboutcookies.org\" target=\"_blank\" rel=\"noreferrer noopener nofollow\">aboutcookies.org<\/a>. Du kan radera cookies som redan finns p\u00e5 din dator och du kan st\u00e4lla in de flesta webbl\u00e4sare s\u00e5 att de f\u00f6rhindrar att de placeras. Om du g\u00f6r detta kan du dock beh\u00f6va justera inst\u00e4llningarna manuellt varje g\u00e5ng du bes\u00f6ker en webbplats och vissa tj\u00e4nster och funktioner kanske inte fungerar som avsett. <\/p>\n\n<p>F\u00f6r mer information om v\u00e5ra integritetsrutiner, se v\u00e5r <a href=\"https:\/\/arkitek.net\/sv\/legal\/integritetspolicy\/\" data-type=\"page\" data-id=\"783\">integritetspolicy<\/a> p\u00e5 webbplatsen.<\/p>\n","protected":false},"excerpt":{"rendered":"<p>ARKITEK Telekom\u00fcnikasyon A.\u015e. (&#8221;vi&#8221;) har utf\u00e4rdat denna cookiepolicy f\u00f6r att beskriva hur vi anv\u00e4nder cookies och annan teknik som pixlar, taggar och beacons p\u00e5 v\u00e5r webbplats. De specifika namnen p\u00e5 och typerna av cookies, pixlar och liknande tekniker som vi anv\u00e4nder f\u00f6r att samla in information kan \u00e4ndras fr\u00e5n tid till annan. F\u00f6r att hj\u00e4lpa &hellip; <\/p>\n<p class=\"link-more\"><a href=\"https:\/\/arkitek.net\/sv\/legal\/policy-for-cookies\/\" class=\"more-link\">Forts\u00e4tt l\u00e4sa<span class=\"screen-reader-text\"> \u201dPolicy f\u00f6r Cookies\u201d<\/span><\/a><\/p>\n","protected":false},"author":1,"featured_media":1080,"parent":589,"menu_order":3,"comment_status":"closed","ping_status":"closed","template":"","meta":{"inline_featured_image":false,"footnotes":""},"class_list":["post-869","page","type-page","status-publish","has-post-thumbnail","hentry"],"_links":{"self":[{"href":"https:\/\/arkitek.net\/sv\/wp-json\/wp\/v2\/pages\/869","targetHints":{"allow":["GET"]}}],"collection":[{"href":"https:\/\/arkitek.net\/sv\/wp-json\/wp\/v2\/pages"}],"about":[{"href":"https:\/\/arkitek.net\/sv\/wp-json\/wp\/v2\/types\/page"}],"author":[{"embeddable":true,"href":"https:\/\/arkitek.net\/sv\/wp-json\/wp\/v2\/users\/1"}],"replies":[{"embeddable":true,"href":"https:\/\/arkitek.net\/sv\/wp-json\/wp\/v2\/comments?post=869"}],"version-history":[{"count":0,"href":"https:\/\/arkitek.net\/sv\/wp-json\/wp\/v2\/pages\/869\/revisions"}],"up":[{"embeddable":true,"href":"https:\/\/arkitek.net\/sv\/wp-json\/wp\/v2\/pages\/589"}],"wp:featuredmedia":[{"embeddable":true,"href":"https:\/\/arkitek.net\/sv\/wp-json\/wp\/v2\/media\/1080"}],"wp:attachment":[{"href":"https:\/\/arkitek.net\/sv\/wp-json\/wp\/v2\/media?parent=869"}],"curies":[{"name":"wp","href":"https:\/\/api.w.org\/{rel}","templated":true}]}}