
{"id":839,"date":"2024-07-08T08:44:02","date_gmt":"2024-07-08T05:44:02","guid":{"rendered":"https:\/\/new.arkitek.net\/juridiska-meddelanden\/integritetspolicy\/"},"modified":"2024-07-10T13:10:48","modified_gmt":"2024-07-10T10:10:48","slug":"integritetspolicy","status":"publish","type":"page","link":"https:\/\/arkitek.net\/sv\/legal\/integritetspolicy\/","title":{"rendered":"Integritetspolicy"},"content":{"rendered":"\n<p>Adressen till v\u00e5r webbplats \u00e4r: https:\/\/arkitek.net.<\/p>\n\n<p>Denna webbplats samlar in vissa personuppgifter fr\u00e5n sina anv\u00e4ndare.<\/p>\n\n<p>Det \u00e4r ARKITEK Telekom\u00fcnikasyon A.\u015e.:s policy att respektera din integritet n\u00e4r det g\u00e4ller all information som vi kan samla in n\u00e4r vi driver v\u00e5r webbplats. Denna sekretesspolicy g\u00e4ller f\u00f6r <a href=\"https:\/\/arkitek.net\">https:\/\/arkitek.net<\/a> (nedan kallad &#8221;oss&#8221;, &#8221;vi&#8221;, &#8221;applikation&#8221; eller &#8221;https:\/\/arkitek.net&#8221;). Vi respekterar din integritet och \u00e4r fast beslutna att skydda personligt identifierbar information som du kan ge oss via webbplatsen. Vi har antagit denna sekretesspolicy (&#8221;Sekretesspolicy&#8221;) f\u00f6r att f\u00f6rklara vilken information som kan samlas in p\u00e5 v\u00e5r webbplats, hur vi anv\u00e4nder denna information och under vilka omst\u00e4ndigheter vi kan avsl\u00f6ja informationen till tredje part. Denna integritetspolicy g\u00e4ller endast f\u00f6r information som vi samlar in via webbplatsen och g\u00e4ller inte f\u00f6r v\u00e5r insamling av information fr\u00e5n andra k\u00e4llor.<\/p>\n\n<p>Denna integritetspolicy, tillsammans med de <a href=\"https:\/\/arkitek.net\/sv\/legal\/villkor-for-tjansten\/\" data-type=\"page\" data-id=\"52\">anv\u00e4ndarvillkor<\/a> som publiceras p\u00e5 v\u00e5r webbplats, anger de allm\u00e4nna regler och policyer som styr din anv\u00e4ndning av v\u00e5r webbplats. Beroende p\u00e5 vad du g\u00f6r n\u00e4r du bes\u00f6ker v\u00e5r webbplats kan du bli tvungen att godk\u00e4nna ytterligare villkor.<\/p>\n\n<h2 class=\"wp-block-heading\">\u00c4gare och personuppgiftsansvarig<\/h2>\n\n<p><a href=\"https:\/\/arkitek.net\/sv\/om-oss\/\" data-type=\"page\" data-id=\"12\">ARK\u0130TEK Telekom\u00fcnikasyon A.\u015e.<\/a><br\/>Ferko Signature Building Esentepe Mah. <br\/>B\u00fcy\u00fckdere Cad.\nNo: 175, \u015ei\u015fli, 34396, Istanbul, T\u00dcRK\u0130YE <\/p>\n\n<p><strong>E-post f\u00f6r \u00e4garkontakt<\/strong>: info@arkitek.net<\/p>\n\n<h2 class=\"wp-block-heading\">Bes\u00f6kare p\u00e5 webbplatsen<\/h2>\n\n<p>Som de flesta webbplatsoperat\u00f6rer samlar vi in icke-personligt identifierande information av den typ som webbl\u00e4sare och servrar vanligtvis g\u00f6r tillg\u00e4nglig, till exempel webbl\u00e4sartyp, spr\u00e5kpreferens, referenswebbplats samt datum och tid f\u00f6r varje bes\u00f6kares beg\u00e4ran. V\u00e5rt syfte med att samla in icke-personligt identifierande information \u00e4r att b\u00e4ttre f\u00f6rst\u00e5 hur v\u00e5ra bes\u00f6kare anv\u00e4nder webbplatsen. ARKITEK Telekom\u00fcnikasyon A.\u015e. kan d\u00e5 och d\u00e5 publicera icke-personligt identifierande information i samlad form, t.ex. genom att publicera en rapport om trender i anv\u00e4ndningen av sin webbplats.<\/p>\n\n<p>ARKITEK Telekom\u00fcnikasyon A.\u015e. samlar ocks\u00e5 in potentiellt personligt identifierande information som Internet Protocol (IP) adresser f\u00f6r inloggade anv\u00e4ndare och f\u00f6r anv\u00e4ndare som l\u00e4mnar kommentarer p\u00e5 https:\/\/arkitek.net blogginl\u00e4gg. ARKITEK Telekom\u00fcnikasyon A.\u015e. avsl\u00f6jar endast inloggade anv\u00e4ndares och kommentatorers IP-adresser under samma omst\u00e4ndigheter som den anv\u00e4nder och avsl\u00f6jar personligt identifierande information enligt beskrivningen nedan.<\/p>\n\n<h2 class=\"wp-block-heading\">Insamling av personidentifierande information<\/h2>\n\n<p>Vissa bes\u00f6kare p\u00e5 v\u00e5r webbplats v\u00e4ljer att interagera med ARKITEK Telekom\u00fcnikasyon A.\u015e. p\u00e5 s\u00e4tt som kr\u00e4ver att vi samlar in personligt identifierande information. M\u00e4ngden och typen av information som ARKITEK Telekom\u00fcnikasyon A.\u015e. samlar in beror p\u00e5 interaktionens natur. Vi ber till exempel bes\u00f6kare som vill kontakta oss via ett formul\u00e4r att ange sitt namn, sitt f\u00f6retagsnamn och sin kontaktinformation &#8211; s\u00e5 att vi kan svara.<\/p>\n\n<h2 class=\"wp-block-heading\">Typer av insamlade uppgifter<br\/><\/h2>\n\n<p>Bland de typer av personuppgifter som denna applikation samlar in, av sig sj\u00e4lv eller genom tredje part, finns det: Anv\u00e4ndningsdata; Sp\u00e5rare; svar p\u00e5 fr\u00e5gor; klick; tangenttryckningsh\u00e4ndelser; r\u00f6relsesensorh\u00e4ndelser; musr\u00f6relser; rullningsposition; ber\u00f6ringsh\u00e4ndelser.<\/p>\n\n<p>Fullst\u00e4ndiga uppgifter om varje typ av personuppgifter som samlas in finns i de s\u00e4rskilda avsnitten i denna integritetspolicy eller i s\u00e4rskilda f\u00f6rklarande texter som visas innan uppgifterna samlas in.<\/p>\n\n<p>Personuppgifter kan tillhandah\u00e5llas fritt av anv\u00e4ndaren eller, i h\u00e4ndelse av anv\u00e4ndningsdata, samlas in automatiskt n\u00e4r du anv\u00e4nder den h\u00e4r applikationen.<\/p>\n\n<p>Om inte annat anges \u00e4r alla uppgifter som beg\u00e4rs av denna applikation obligatoriska och underl\u00e5tenhet att tillhandah\u00e5lla dessa uppgifter kan g\u00f6ra det om\u00f6jligt f\u00f6r denna applikation att tillhandah\u00e5lla sina tj\u00e4nster.\nI de fall d\u00e4r denna applikation specifikt anger att vissa uppgifter inte \u00e4r obligatoriska, st\u00e5r det anv\u00e4ndarna fritt att inte kommunicera dessa uppgifter utan konsekvenser f\u00f6r tillg\u00e4ngligheten eller funktionen av tj\u00e4nsten. <\/p>\n\n<p>Anv\u00e4ndare som \u00e4r os\u00e4kra p\u00e5 vilka Personuppgifter som \u00e4r obligatoriska \u00e4r v\u00e4lkomna att kontakta \u00c4garen.<\/p>\n\n<p>All anv\u00e4ndning av cookies &#8211; eller andra sp\u00e5rningsverktyg &#8211; av denna applikation eller av \u00e4garna till tredjepartstj\u00e4nster som anv\u00e4nds av denna applikation tj\u00e4nar syftet att tillhandah\u00e5lla den tj\u00e4nst som anv\u00e4ndaren kr\u00e4ver, ut\u00f6ver alla andra syften som beskrivs i detta dokument och i cookiepolicyn.<\/p>\n\n<p>Anv\u00e4ndare \u00e4r ansvariga f\u00f6r alla Personuppgifter fr\u00e5n tredje part som erh\u00e5lls, publiceras eller delas genom denna Applikation.<\/p>\n\n<h2 class=\"wp-block-heading\">L\u00e4nkar till externa webbplatser<\/h2>\n\n<p>V\u00e5r tj\u00e4nst kan inneh\u00e5lla l\u00e4nkar till externa webbplatser som inte drivs av oss.\nOm du klickar p\u00e5 en l\u00e4nk till en tredje part kommer du att skickas till den tredje partens webbplats.\nVi rekommenderar starkt att du granskar sekretesspolicyn och villkoren f\u00f6r varje webbplats du bes\u00f6ker.  <\/p>\n\n<p>Vi har ingen kontroll \u00f6ver och tar inget ansvar f\u00f6r inneh\u00e5ll, integritetspolicyer eller praxis p\u00e5 tredje parts webbplatser, produkter eller tj\u00e4nster.<\/p>\n\n<h2 class=\"wp-block-heading\">Aggregerad statistik<\/h2>\n\n<p>ARKITEK Telekom\u00fcnikasyon A.\u015e. kan samla in statistik om beteendet hos bes\u00f6kare p\u00e5 sin webbplats. ARKITEK Telekom\u00fcnikasyon A.\u015e. kan visa denna information offentligt eller ge den till andra. ARKITEK Telekom\u00fcnikasyon A.\u015e. avsl\u00f6jar dock inte din personligt identifierande information.<\/p>\n\n<h2 class=\"wp-block-heading\">S\u00e4tt och plats f\u00f6r behandling av uppgifterna<\/h2>\n\n<h3 class=\"wp-block-heading\">Metoder f\u00f6r bearbetning<\/h3>\n\n<p>\u00c4garen vidtar l\u00e4mpliga s\u00e4kerhets\u00e5tg\u00e4rder f\u00f6r att f\u00f6rhindra obeh\u00f6rig \u00e5tkomst, avsl\u00f6jande, modifiering eller obeh\u00f6rig f\u00f6rst\u00f6relse av uppgifterna.<\/p>\n\n<p>Databehandlingen utf\u00f6rs med hj\u00e4lp av datorer och \/ eller IT-aktiverade verktyg, enligt organisatoriska f\u00f6rfaranden och l\u00e4gen som \u00e4r strikt relaterade till de angivna syftena.\nF\u00f6rutom \u00e4garen kan uppgifterna i vissa fall vara tillg\u00e4ngliga f\u00f6r vissa typer av ansvariga personer som \u00e4r involverade i driften av denna applikation (administration, f\u00f6rs\u00e4ljning, marknadsf\u00f6ring, juridisk, systemadministration) eller externa parter (t.ex. tredjepartsleverant\u00f6rer av tekniska tj\u00e4nster, postb\u00e4rare, v\u00e4rdleverant\u00f6rer, IT-f\u00f6retag, kommunikationsbyr\u00e5er) som vid behov utses till databehandlare av \u00e4garen.\nDen uppdaterade listan \u00f6ver dessa parter kan n\u00e4r som helst beg\u00e4ras fr\u00e5n \u00c4garen.  <\/p>\n\n<h3 class=\"wp-block-heading\">Plats<\/h3>\n\n<p>Uppgifterna behandlas p\u00e5 \u00e4garens driftskontor och p\u00e5 alla andra platser d\u00e4r de parter som \u00e4r involverade i behandlingen \u00e4r bel\u00e4gna.<br\/><br\/>Beroende p\u00e5 var anv\u00e4ndaren befinner sig kan data\u00f6verf\u00f6ringar inneb\u00e4ra att anv\u00e4ndarens uppgifter \u00f6verf\u00f6rs till ett annat land \u00e4n anv\u00e4ndarens eget.\nF\u00f6r att ta reda p\u00e5 mer om platsen f\u00f6r behandling av s\u00e5dana \u00f6verf\u00f6rda uppgifter kan anv\u00e4ndarna kontrollera avsnittet som inneh\u00e5ller information om behandling av personuppgifter. <\/p>\n\n<h3 class=\"wp-block-heading\">Bevarandetid<\/h3>\n\n<p>Om inte annat anges i detta dokument ska Personuppgifter behandlas och lagras s\u00e5 l\u00e4nge som kr\u00e4vs f\u00f6r det \u00e4ndam\u00e5l f\u00f6r vilket de har samlats in och kan lagras l\u00e4ngre p\u00e5 grund av till\u00e4mplig r\u00e4ttslig skyldighet eller baserat p\u00e5 Anv\u00e4ndarnas samtycke.<\/p>\n\n<h2 class=\"wp-block-heading\" id=\"use_collected_data\">\u00c4ndam\u00e5len med behandlingen<\/h2>\n\n<p>Uppgifterna om anv\u00e4ndaren samlas in f\u00f6r att \u00e4garen ska kunna tillhandah\u00e5lla sin tj\u00e4nst, uppfylla sina juridiska skyldigheter, svara p\u00e5 verkst\u00e4llighetsf\u00f6rfr\u00e5gningar, skydda sina r\u00e4ttigheter och intressen (eller dess anv\u00e4ndares eller tredje parts), uppt\u00e4cka skadlig eller bedr\u00e4glig aktivitet, samt f\u00f6ljande: Skydd mot skr\u00e4ppost och bots och Tag Management.<\/p>\n\n<p>F\u00f6r specifik information om vilka Personuppgifter som anv\u00e4nds f\u00f6r respektive \u00e4ndam\u00e5l kan Anv\u00e4ndaren h\u00e4nvisa till avsnittet &#8221;Detaljerad information om behandling av Personuppgifter&#8221;.<\/p>\n\n<h2 class=\"wp-block-heading\" id=\"data_processing_detailed_info\">Detaljerad information om behandlingen av personuppgifter<\/h2>\n\n<p>Personuppgifter samlas in f\u00f6r f\u00f6ljande \u00e4ndam\u00e5l och med hj\u00e4lp av f\u00f6ljande tj\u00e4nster:<\/p>\n\n<div class=\"wp-block-group has-cyan-bluish-gray-background-color has-background\"><div class=\"wp-block-group__inner-container is-layout-constrained wp-block-group-is-layout-constrained\">\n<details class=\"wp-block-details is-layout-flow wp-block-details-is-layout-flow\"><summary>Skydd mot skr\u00e4ppost och bots<br><\/summary>\n<p><\/p>\n\n\n\n<p>Denna typ av tj\u00e4nst analyserar trafiken i denna applikation, som potentiellt kan inneh\u00e5lla anv\u00e4ndarnas personuppgifter, i syfte att filtrera den fr\u00e5n o\u00f6nskade delar av trafiken, meddelanden och inneh\u00e5ll som identifieras som skr\u00e4ppost eller skydda den fr\u00e5n skadliga botsaktiviteter.<\/p>\n\n\n\n<h4 class=\"wp-block-heading\">Google reCAPTCHA (Google Ireland Limited)<\/h4>\n\n\n\n<p>Google reCAPTCHA \u00e4r en SPAM-skyddstj\u00e4nst som tillhandah\u00e5lls av Google Ireland Limited.\nAnv\u00e4ndningen av reCAPTCHA \u00e4r f\u00f6rem\u00e5l f\u00f6r Googles <a href=\"\" target=\"\" rel=\"noopener\">integritetspolicy<\/a> och <a href=\"\" target=\"\" rel=\"noopener\">anv\u00e4ndarvillkor<\/a>. <\/p>\n\n\n\n<p>F\u00f6r att f\u00f6rst\u00e5 Googles anv\u00e4ndning av data, se deras <a href=\"https:\/\/policies.google.com\/technologies\/partner-sites\" target=\"_blank\" rel=\"noreferrer noopener nofollow\">partnerpolicy<\/a> och deras <a href=\"https:\/\/business.safety.google\/privacy\/\" target=\"_blank\" rel=\"noreferrer noopener nofollow\">sida om aff\u00e4rsdata<\/a>.<\/p>\n\n\n\n<p>Personuppgifter som behandlas: svar p\u00e5 fr\u00e5gor; klick; tangenttryckningsh\u00e4ndelser; r\u00f6relsesensorh\u00e4ndelser; musr\u00f6relser; rullningsposition; ber\u00f6ringsh\u00e4ndelser; sp\u00e5rare; anv\u00e4ndningsdata.<\/p>\n\n\n\n<p>Plats f\u00f6r behandling: Irland &#8211; <a href=\"https:\/\/business.safety.google\/privacy\/\" target=\"_blank\" rel=\"noreferrer noopener nofollow\">Integritetspolicy<\/a>.<\/p>\n<\/details>\n<\/div><\/div>\n\n<div class=\"wp-block-group has-cyan-bluish-gray-background-color has-background\"><div class=\"wp-block-group__inner-container is-layout-constrained wp-block-group-is-layout-constrained\">\n<details class=\"wp-block-details is-layout-flow wp-block-details-is-layout-flow\"><summary>Tagghantering<\/summary>\n<p><\/p>\n\n\n\n<p>Denna typ av tj\u00e4nst hj\u00e4lper \u00e4garen att hantera de taggar eller skript som beh\u00f6vs i denna applikation p\u00e5 ett centraliserat s\u00e4tt.\nDetta resulterar i att Anv\u00e4ndarnas Data fl\u00f6dar genom dessa tj\u00e4nster, vilket potentiellt kan leda till att dessa Data lagras. <\/p>\n\n\n\n<h4 class=\"wp-block-heading\">Google Tag Manager (Google Ireland Limited)<\/h4>\n\n\n\n<p>Google Tag Manager \u00e4r en tagghanteringstj\u00e4nst som tillhandah\u00e5lls av Google Ireland Limited.<\/p>\n\n\n\n<p>F\u00f6r att f\u00f6rst\u00e5 Googles anv\u00e4ndning av data, se deras <a href=\"https:\/\/policies.google.com\/technologies\/partner-sites\" target=\"_blank\" rel=\"noreferrer noopener nofollow\">partnerpolicy<\/a> och deras <a href=\"https:\/\/business.safety.google\/privacy\/\" target=\"_blank\" rel=\"noreferrer noopener nofollow\">sida om aff\u00e4rsdata<\/a>.<\/p>\n\n\n\n<p>Personuppgifter som behandlas: Sp\u00e5rare; Anv\u00e4ndningsdata.<\/p>\n\n\n\n<p>Plats f\u00f6r behandling: Irland &#8211; <a href=\"https:\/\/business.safety.google\/privacy\/\" target=\"_blank\" rel=\"noreferrer noopener nofollow\">Integritetspolicy<\/a>.<\/p>\n<\/details>\n<\/div><\/div>\n\n<h2 class=\"wp-block-heading\">S\u00e4kerhet<\/h2>\n\n<p>S\u00e4kerheten f\u00f6r dina personuppgifter \u00e4r viktig f\u00f6r oss, men kom ih\u00e5g att ingen metod f\u00f6r \u00f6verf\u00f6ring via Internet eller metod f\u00f6r elektronisk lagring \u00e4r 100% s\u00e4ker.\nVi str\u00e4var efter att anv\u00e4nda kommersiellt godtagbara metoder f\u00f6r att skydda dina personuppgifter, men vi kan inte garantera att de \u00e4r helt s\u00e4kra. <\/p>\n\n<h3 class=\"wp-block-heading\">Policy f\u00f6r Cookies<\/h3>\n\n<p>Denna applikation anv\u00e4nder sp\u00e5rare.\nOm du vill veta mer kan du l\u00e4sa <a href=\"\" data-type=\"\" data-id=\"\">Cookiepolicyn<\/a>. <\/p>\n\n<h2 class=\"wp-block-heading\" id=\"cookie_policy_further_information\">Ytterligare information f\u00f6r anv\u00e4ndare<\/h2>\n\n<h3 class=\"wp-block-heading\">R\u00e4ttslig grund f\u00f6r behandlingen<\/h3>\n\n<p>\u00c4garen f\u00e5r behandla Personuppgifter som r\u00f6r Anv\u00e4ndare om n\u00e5got av f\u00f6ljande g\u00e4ller:<\/p>\n\n<ul class=\"wp-block-list\">\n<li>Anv\u00e4ndarna har gett sitt samtycke f\u00f6r ett eller flera specifika \u00e4ndam\u00e5l.<\/li>\n\n\n\n<li>tillhandah\u00e5llande av uppgifter \u00e4r n\u00f6dv\u00e4ndigt f\u00f6r att fullg\u00f6ra ett avtal med anv\u00e4ndaren och\/eller f\u00f6r eventuella skyldigheter f\u00f6re avtalets ing\u00e5ende;<\/li>\n\n\n\n<li>behandlingen \u00e4r n\u00f6dv\u00e4ndig f\u00f6r att fullg\u00f6ra en r\u00e4ttslig f\u00f6rpliktelse som \u00e5vilar \u00e4garen;<\/li>\n\n\n\n<li>behandlingen \u00e4r relaterad till en uppgift som utf\u00f6rs i allm\u00e4nhetens intresse eller i ut\u00f6vandet av officiell myndighet som \u00e4garen har tilldelats;<\/li>\n\n\n\n<li>behandlingen \u00e4r n\u00f6dv\u00e4ndig f\u00f6r att tillgodose \u00e4garens eller en tredje parts ber\u00e4ttigade intressen.<\/li>\n<\/ul>\n\n<p>I vilket fall som helst kommer \u00e4garen g\u00e4rna att hj\u00e4lpa till att klarg\u00f6ra den specifika r\u00e4ttsliga grunden som g\u00e4ller f\u00f6r behandlingen, och i synnerhet om tillhandah\u00e5llandet av personuppgifter \u00e4r ett lagstadgat eller avtalsenligt krav eller ett krav som \u00e4r n\u00f6dv\u00e4ndigt f\u00f6r att ing\u00e5 ett avtal.<\/p>\n\n<h3 class=\"wp-block-heading\">Ytterligare information om retentionstid<\/h3>\n\n<p>Om inte annat anges i detta dokument ska Personuppgifter behandlas och lagras s\u00e5 l\u00e4nge som kr\u00e4vs f\u00f6r det \u00e4ndam\u00e5l f\u00f6r vilket de har samlats in och kan lagras l\u00e4ngre p\u00e5 grund av till\u00e4mplig r\u00e4ttslig skyldighet eller baserat p\u00e5 Anv\u00e4ndarnas samtycke.<\/p>\n\n<p>D\u00e4rf\u00f6r..:<\/p>\n\n<ul class=\"wp-block-list\">\n<li>Personuppgifter som samlas in f\u00f6r \u00e4ndam\u00e5l som r\u00f6r fullg\u00f6randet av ett avtal mellan \u00c4garen och Anv\u00e4ndaren ska bevaras till dess att avtalet har fullgjorts.<\/li>\n\n\n\n<li>Personuppgifter som samlas in f\u00f6r \u00e4garens ber\u00e4ttigade intressen ska bevaras s\u00e5 l\u00e4nge som det beh\u00f6vs f\u00f6r att uppfylla s\u00e5dana syften.\nAnv\u00e4ndare kan hitta specifik information om de legitima intressen som \u00e4garen bedriver inom de relevanta avsnitten i detta dokument eller genom att kontakta \u00e4garen. <\/li>\n<\/ul>\n\n<p>\u00c4garen kan till\u00e5tas att beh\u00e5lla Personuppgifter under en l\u00e4ngre period n\u00e4r Anv\u00e4ndaren har gett sitt samtycke till s\u00e5dan behandling, s\u00e5 l\u00e4nge som s\u00e5dant samtycke inte \u00e5terkallas.\nVidare kan \u00c4garen vara skyldig att beh\u00e5lla Personuppgifter under en l\u00e4ngre period n\u00e4r det kr\u00e4vs f\u00f6r att uppfylla en r\u00e4ttslig f\u00f6rpliktelse eller p\u00e5 order av en myndighet. <br\/><br\/>N\u00e4r lagringstiden har l\u00f6pt ut ska personuppgifterna raderas.\nD\u00e4rf\u00f6r kan r\u00e4tten till tillg\u00e5ng, r\u00e4tten till radering, r\u00e4tten till r\u00e4ttelse och r\u00e4tten till dataportabilitet inte g\u00f6ras g\u00e4llande efter att lagringsperioden har l\u00f6pt ut. <\/p>\n\n<h3 class=\"wp-block-heading\" id=\"rights_subjects\">Anv\u00e4ndarnas r\u00e4ttigheter enligt den allm\u00e4nna dataskyddsf\u00f6rordningen (GDPR)<\/h3>\n\n<p>Anv\u00e4ndare kan ut\u00f6va vissa r\u00e4ttigheter avseende sina uppgifter som behandlas av \u00e4garen.<\/p>\n\n<p>Anv\u00e4ndare har i synnerhet r\u00e4tt att g\u00f6ra f\u00f6ljande, i den utstr\u00e4ckning som till\u00e5ts enligt lag:<\/p>\n\n<ul class=\"wp-block-list\">\n<li><strong>\u00c5terkalla sitt samtycke n\u00e4r som helst.<\/strong>  Anv\u00e4ndare har r\u00e4tt att \u00e5terkalla sitt samtycke om de tidigare har gett sitt samtycke till behandling av sina personuppgifter.<\/li>\n\n\n\n<li><strong>Inv\u00e4nda mot behandling av deras uppgifter.<\/strong>  Anv\u00e4ndare har r\u00e4tt att inv\u00e4nda mot behandlingen av sina uppgifter om behandlingen utf\u00f6rs p\u00e5 en annan r\u00e4ttslig grund \u00e4n samtycke.<\/li>\n\n\n\n<li><strong>F\u00e5 tillg\u00e5ng till deras data.<\/strong>  Anv\u00e4ndare har r\u00e4tt att f\u00e5 veta om uppgifter behandlas av \u00e4garen, f\u00e5 information om vissa aspekter av behandlingen och f\u00e5 en kopia av de uppgifter som behandlas.<\/li>\n\n\n\n<li><strong>Verifiera och s\u00f6k r\u00e4ttelse.<\/strong>  Anv\u00e4ndarna har r\u00e4tt att kontrollera att deras uppgifter \u00e4r korrekta och beg\u00e4ra att de uppdateras eller korrigeras.<\/li>\n\n\n\n<li><strong>Begr\u00e4nsa behandlingen av deras uppgifter.<\/strong>  Anv\u00e4ndare har r\u00e4tt att begr\u00e4nsa behandlingen av sina uppgifter.\nI detta fall kommer \u00e4garen inte att behandla sina uppgifter f\u00f6r n\u00e5got annat syfte \u00e4n att lagra dem. <\/li>\n\n\n\n<li><strong>F\u00e5 sina Personuppgifter raderade eller p\u00e5 annat s\u00e4tt borttagna.<\/strong>  Anv\u00e4ndare har r\u00e4tt att f\u00e5 sina uppgifter raderade fr\u00e5n \u00e4garen.<\/li>\n\n\n\n<li><strong>Ta emot sina uppgifter och f\u00e5 dem \u00f6verf\u00f6rda till en annan personuppgiftsansvarig.<\/strong>  Anv\u00e4ndare har r\u00e4tt att f\u00e5 sina uppgifter i ett strukturerat, allm\u00e4nt anv\u00e4nt och maskinl\u00e4sbart format och, om det \u00e4r tekniskt m\u00f6jligt, att f\u00e5 dem \u00f6verf\u00f6rda till en annan personuppgiftsansvarig utan hinder.<\/li>\n\n\n\n<li><strong>L\u00e4mna in ett klagom\u00e5l.<\/strong>  Anv\u00e4ndare har r\u00e4tt att v\u00e4cka talan vid beh\u00f6rig dataskyddsmyndighet.<\/li>\n<\/ul>\n\n<p>Anv\u00e4ndare har ocks\u00e5 r\u00e4tt att f\u00e5 information om den r\u00e4ttsliga grunden f\u00f6r \u00f6verf\u00f6ring av uppgifter till utlandet, inklusive till en internationell organisation som styrs av folkr\u00e4tten eller som inr\u00e4ttats av tv\u00e5 eller flera l\u00e4nder, till exempel FN, och om de s\u00e4kerhets\u00e5tg\u00e4rder som \u00e4garen vidtar f\u00f6r att skydda deras uppgifter.<\/p>\n\n<h3 class=\"wp-block-heading\">Detaljer om r\u00e4tten att inv\u00e4nda mot behandling<\/h3>\n\n<p><strong>Om personuppgifter behandlas f\u00f6r ett allm\u00e4nt intresse, i ut\u00f6vandet av en officiell myndighet som \u00e4garen har eller f\u00f6r de legitima intressen som \u00e4garen bedriver, kan anv\u00e4ndare inv\u00e4nda mot s\u00e5dan behandling genom att ange en grund relaterad till deras speciella situation f\u00f6r att motivera inv\u00e4ndningen.<\/strong><\/p>\n\n<p><strong>Anv\u00e4ndarna m\u00e5ste k\u00e4nna till att om deras Personuppgifter behandlas f\u00f6r direktmarknadsf\u00f6ring kan de n\u00e4r som helst, kostnadsfritt och utan att ange n\u00e5gon motivering, inv\u00e4nda mot denna behandling.\nOm Anv\u00e4ndaren inv\u00e4nder mot behandling f\u00f6r direktmarknadsf\u00f6rings\u00e4ndam\u00e5l kommer Personuppgifterna inte l\u00e4ngre att behandlas f\u00f6r s\u00e5dana \u00e4ndam\u00e5l.\nF\u00f6r att ta reda p\u00e5 om \u00e4garen behandlar personuppgifter f\u00f6r direktmarknadsf\u00f6rings\u00e4ndam\u00e5l kan anv\u00e4ndarna h\u00e4nvisa till relevanta avsnitt i detta dokument.  <\/strong><\/p>\n\n<h3 class=\"wp-block-heading\">Hur du ut\u00f6var dessa r\u00e4ttigheter<\/h3>\n\n<p>Eventuella f\u00f6rfr\u00e5gningar om att ut\u00f6va Anv\u00e4ndarens r\u00e4ttigheter kan riktas till \u00c4garen via de kontaktuppgifter som anges i detta dokument.\nS\u00e5dana f\u00f6rfr\u00e5gningar \u00e4r kostnadsfria och kommer att besvaras av \u00e4garen s\u00e5 tidigt som m\u00f6jligt och alltid inom en m\u00e5nad, vilket ger anv\u00e4ndarna den information som kr\u00e4vs enligt lag.\nEventuell r\u00e4ttelse eller radering av Personuppgifter eller begr\u00e4nsning av behandling kommer att meddelas av \u00c4garen till varje mottagare, om n\u00e5gon, till vilken Personuppgifterna har l\u00e4mnats ut, s\u00e5vida inte detta visar sig om\u00f6jligt eller inneb\u00e4r oproportionerlig anstr\u00e4ngning.\nP\u00e5 Anv\u00e4ndarnas beg\u00e4ran kommer \u00c4garen att informera dem om dessa mottagare.   <\/p>\n\n<h2 class=\"wp-block-heading\" id=\"further_data_processing_info\">Ytterligare information om insamling och behandling av data<\/h2>\n\n<h3 class=\"wp-block-heading\">R\u00e4ttsliga \u00e5tg\u00e4rder<\/h3>\n\n<p>Anv\u00e4ndarens personuppgifter kan anv\u00e4ndas f\u00f6r juridiska \u00e4ndam\u00e5l av \u00e4garen i domstol eller i de steg som leder till eventuella r\u00e4ttsliga \u00e5tg\u00e4rder som uppst\u00e5r till f\u00f6ljd av felaktig anv\u00e4ndning av denna applikation eller relaterade tj\u00e4nster.<br\/>Anv\u00e4ndaren f\u00f6rklarar sig vara medveten om att \u00c4garen kan bli skyldig att l\u00e4mna ut personuppgifter p\u00e5 beg\u00e4ran av myndighet.<\/p>\n\n<h3 class=\"wp-block-heading\">Ytterligare information om anv\u00e4ndarens personuppgifter<\/h3>\n\n<p>Ut\u00f6ver den information som finns i denna integritetspolicy kan denna Applikation p\u00e5 beg\u00e4ran ge Anv\u00e4ndaren ytterligare och kontextuell information om s\u00e4rskilda Tj\u00e4nster eller insamling och behandling av Personuppgifter.<\/p>\n\n<h3 class=\"wp-block-heading\">Systemloggar och underh\u00e5ll<\/h3>\n\n<p>F\u00f6r drift- och underh\u00e5lls\u00e4ndam\u00e5l kan denna applikation och eventuella tredjepartstj\u00e4nster samla in filer som registrerar interaktion med denna applikation (systemloggar) eller anv\u00e4nda andra personuppgifter (t.ex. IP-adressen) f\u00f6r detta \u00e4ndam\u00e5l.<\/p>\n\n<h3 class=\"wp-block-heading\">Information som inte ing\u00e5r i denna policy<\/h3>\n\n<p>Mer information om insamling eller behandling av Personuppgifter kan n\u00e4r som helst beg\u00e4ras fr\u00e5n \u00c4garen.\nV\u00e4nligen se kontaktinformationen i b\u00f6rjan av detta dokument. <\/p>\n\n<h3 class=\"wp-block-heading\">\u00c4ndringar av denna integritetspolicy<\/h3>\n\n<p>\u00c4garen f\u00f6rbeh\u00e5ller sig r\u00e4tten att n\u00e4r som helst g\u00f6ra \u00e4ndringar i denna integritetspolicy genom att meddela sina anv\u00e4ndare p\u00e5 denna sida och eventuellt i denna applikation och\/eller &#8211; s\u00e5 l\u00e5ngt det \u00e4r tekniskt och juridiskt genomf\u00f6rbart &#8211; skicka ett meddelande till anv\u00e4ndare via all kontaktinformation som \u00e4r tillg\u00e4nglig f\u00f6r \u00e4garen.\nDet rekommenderas starkt att kontrollera denna sida ofta, med h\u00e4nvisning till datumet f\u00f6r den senaste \u00e4ndringen som anges l\u00e4ngst ner. <br\/><br\/>Om \u00e4ndringarna p\u00e5verkar behandlingsaktiviteter som utf\u00f6rs p\u00e5 grundval av anv\u00e4ndarens samtycke, ska \u00e4garen samla in nytt samtycke fr\u00e5n anv\u00e4ndaren, d\u00e4r s\u00e5 kr\u00e4vs.<\/p>\n\n<div class=\"wp-block-group has-cyan-bluish-gray-background-color has-background has-small-font-size\"><div class=\"wp-block-group__inner-container is-layout-constrained wp-block-group-is-layout-constrained\">\n<details class=\"wp-block-details has-small-font-size is-layout-flow wp-block-details-is-layout-flow\"><summary>Definitioner och juridiska referenser<\/summary>\n<h4 class=\"wp-block-heading has-small-font-size\">Personuppgifter (eller Data)<\/h4>\n\n\n\n<p>All information som direkt, indirekt eller i samband med annan information &#8211; inklusive ett personligt identifikationsnummer &#8211; g\u00f6r det m\u00f6jligt att identifiera eller identifiera en fysisk person.<\/p>\n\n\n\n<h4 class=\"wp-block-heading has-small-font-size\">Anv\u00e4ndningsdata<\/h4>\n\n\n\n<p>Information som samlas in automatiskt genom denna applikation (eller tredjepartstj\u00e4nster som anv\u00e4nds i denna applikation), vilket kan inkludera: IP-adresserna eller dom\u00e4nnamnen f\u00f6r de datorer som anv\u00e4nds av de anv\u00e4ndare som anv\u00e4nder denna applikation, URI-adresserna (Uniform Resource Identifier), tidpunkten f\u00f6r beg\u00e4ran, metoden som anv\u00e4nds f\u00f6r att skicka beg\u00e4ran till servern, storleken p\u00e5 den fil som tas emot som svar, den numeriska koden som anger statusen f\u00f6r serverns svar (lyckat resultat, fel osv.), ursprungsland, funktioner i den webbl\u00e4sare och det operativsystem som anv\u00e4ndaren anv\u00e4nder, olika tidsuppgifter per bes\u00f6k (t.ex, den tid som spenderas p\u00e5 varje sida i applikationen) och detaljerna om den v\u00e4g som f\u00f6ljts i applikationen med s\u00e4rskild h\u00e4nvisning till sekvensen av bes\u00f6kta sidor, och andra parametrar om enhetens operativsystem och\/eller anv\u00e4ndarens IT-milj\u00f6.<\/p>\n\n\n\n<h4 class=\"wp-block-heading has-small-font-size\">Anv\u00e4ndare<\/h4>\n\n\n\n<p>Den person som anv\u00e4nder denna applikation och som, om inte annat anges, sammanfaller med den registrerade personen.<\/p>\n\n\n\n<h4 class=\"wp-block-heading has-small-font-size\">Registrerad person<\/h4>\n\n\n\n<p>Den fysiska person som personuppgifterna avser.<\/p>\n\n\n\n<h4 class=\"wp-block-heading has-small-font-size\">Personuppgiftsbitr\u00e4de (eller processor)<\/h4>\n\n\n\n<p>Den fysiska eller juridiska person, offentliga myndighet, byr\u00e5 eller annat organ som behandlar personuppgifter f\u00f6r den personuppgiftsansvariges r\u00e4kning, enligt beskrivningen i denna integritetspolicy.<\/p>\n\n\n\n<h4 class=\"wp-block-heading has-small-font-size\">Personuppgiftsansvarig (eller \u00e4gare)<\/h4>\n\n\n\n<p>Den fysiska eller juridiska person, offentliga myndighet, byr\u00e5 eller annat organ som, ensam eller tillsammans med andra, best\u00e4mmer syftena och medlen f\u00f6r behandlingen av personuppgifter, inklusive s\u00e4kerhets\u00e5tg\u00e4rderna f\u00f6r drift och anv\u00e4ndning av denna applikation.\nPersonuppgiftsansvarig \u00e4r, om inte annat anges, \u00c4garen av denna Applikation. <\/p>\n\n\n\n<h4 class=\"wp-block-heading has-small-font-size\">Denna ans\u00f6kan<\/h4>\n\n\n\n<p>De s\u00e4tt p\u00e5 vilka Anv\u00e4ndarens Personuppgifter samlas in och behandlas.<\/p>\n\n\n\n<h4 class=\"wp-block-heading has-small-font-size\">Service<\/h4>\n\n\n\n<p>Den tj\u00e4nst som tillhandah\u00e5lls av denna applikation enligt beskrivningen i de relativa villkoren (om s\u00e5dana finns) och p\u00e5 denna webbplats\/applikation.<\/p>\n\n\n\n<h4 class=\"wp-block-heading has-small-font-size\">Europeiska unionen (eller EU)<\/h4>\n\n\n\n<p>Om inte annat anges omfattar alla h\u00e4nvisningar till Europeiska unionen i detta dokument alla nuvarande medlemsstater i Europeiska unionen och Europeiska ekonomiska samarbetsomr\u00e5det.<\/p>\n\n\n\n<h4 class=\"wp-block-heading has-small-font-size\">Kaka<\/h4>\n\n\n\n<p>Cookies \u00e4r sp\u00e5rare som best\u00e5r av sm\u00e5 upps\u00e4ttningar data som lagras i anv\u00e4ndarens webbl\u00e4sare.<\/p>\n\n\n\n<h4 class=\"wp-block-heading has-small-font-size\">Sp\u00e5rare<\/h4>\n\n\n\n<p>Sp\u00e5rare anger all teknik &#8211; t.ex. cookies, unika identifierare, webbfyrar, inb\u00e4ddade skript, e-taggar och fingeravtryck &#8211; som m\u00f6jligg\u00f6r sp\u00e5rning av anv\u00e4ndare, till exempel genom \u00e5tkomst till eller lagring av information p\u00e5 anv\u00e4ndarens enhet.<\/p>\n\n\n\n<h4 class=\"wp-block-heading has-small-font-size\">Juridisk information<\/h4>\n\n\n\n<p>Denna integritetspolicy avser endast denna applikation, om inte annat anges i detta dokument.<\/p>\n<\/details>\n<\/div><\/div>\n","protected":false},"excerpt":{"rendered":"<p>Adressen till v\u00e5r webbplats \u00e4r: https:\/\/arkitek.net. Denna webbplats samlar in vissa personuppgifter fr\u00e5n sina anv\u00e4ndare. Det \u00e4r ARKITEK Telekom\u00fcnikasyon A.\u015e.:s policy att respektera din integritet n\u00e4r det g\u00e4ller all information som vi kan samla in n\u00e4r vi driver v\u00e5r webbplats. Denna sekretesspolicy g\u00e4ller f\u00f6r https:\/\/arkitek.net (nedan kallad &#8221;oss&#8221;, &#8221;vi&#8221;, &#8221;applikation&#8221; eller &#8221;https:\/\/arkitek.net&#8221;). Vi respekterar din &hellip; <\/p>\n<p class=\"link-more\"><a href=\"https:\/\/arkitek.net\/sv\/legal\/integritetspolicy\/\" class=\"more-link\">Forts\u00e4tt l\u00e4sa<span class=\"screen-reader-text\"> \u201dIntegritetspolicy\u201d<\/span><\/a><\/p>\n","protected":false},"author":1,"featured_media":1080,"parent":589,"menu_order":2,"comment_status":"closed","ping_status":"closed","template":"","meta":{"inline_featured_image":false,"footnotes":""},"class_list":["post-839","page","type-page","status-publish","has-post-thumbnail","hentry"],"_links":{"self":[{"href":"https:\/\/arkitek.net\/sv\/wp-json\/wp\/v2\/pages\/839","targetHints":{"allow":["GET"]}}],"collection":[{"href":"https:\/\/arkitek.net\/sv\/wp-json\/wp\/v2\/pages"}],"about":[{"href":"https:\/\/arkitek.net\/sv\/wp-json\/wp\/v2\/types\/page"}],"author":[{"embeddable":true,"href":"https:\/\/arkitek.net\/sv\/wp-json\/wp\/v2\/users\/1"}],"replies":[{"embeddable":true,"href":"https:\/\/arkitek.net\/sv\/wp-json\/wp\/v2\/comments?post=839"}],"version-history":[{"count":0,"href":"https:\/\/arkitek.net\/sv\/wp-json\/wp\/v2\/pages\/839\/revisions"}],"up":[{"embeddable":true,"href":"https:\/\/arkitek.net\/sv\/wp-json\/wp\/v2\/pages\/589"}],"wp:featuredmedia":[{"embeddable":true,"href":"https:\/\/arkitek.net\/sv\/wp-json\/wp\/v2\/media\/1080"}],"wp:attachment":[{"href":"https:\/\/arkitek.net\/sv\/wp-json\/wp\/v2\/media?parent=839"}],"curies":[{"name":"wp","href":"https:\/\/api.w.org\/{rel}","templated":true}]}}