
{"id":402,"date":"2024-07-01T18:12:06","date_gmt":"2024-07-01T15:12:06","guid":{"rendered":"https:\/\/new.arkitek.net\/losningar\/"},"modified":"2024-07-10T21:54:16","modified_gmt":"2024-07-10T18:54:16","slug":"losningar","status":"publish","type":"page","link":"https:\/\/arkitek.net\/sv\/losningar\/","title":{"rendered":"L\u00f6sningar"},"content":{"rendered":"\n<p>Med \u00f6ver 20 \u00e5rs praktisk erfarenhet av planering, design och implementering av IT- och telekommunikationsl\u00f6sningar av telekomklass f\u00f6r kommersiella operat\u00f6rer, stora f\u00f6retag och myndigheter runt om i v\u00e4rlden \u00e4r vi stolta \u00f6ver att kunna erbjuda v\u00e5r l\u00f6sningsportf\u00f6lj till alla kunder i alla skalor, globalt. <\/p>\n\n<p>V\u00e5ra l\u00f6sningar \u00e4r specifikt anpassade f\u00f6r att l\u00f6sa specifika problem och\/eller uppfylla krav &#8211; vilket ger merv\u00e4rde i form av \u00f6kad tillf\u00f6rlitlighet, minskad risk, l\u00e4gre kostnader och snabbare introduktion p\u00e5 marknaden.<\/p>\n\n<h2 class=\"wp-block-heading\"><a href=\"https:\/\/arkitek.net\/sv\/losningar\/programvara\/\" data-type=\"page\" data-id=\"70\">Applikationsl\u00f6sningar<\/a><\/h2>\n\n<p>ARKITEKs applikationsl\u00f6sningar baseras p\u00e5 ett internt utvecklat, flexibelt och molnbaserat ramverk och dess klienter &#8211; som fungerar i perfekt harmoni och ger en tillf\u00f6rlitlig milj\u00f6 f\u00f6r att effektivt implementera kundernas krav, arbetsfl\u00f6den och anv\u00e4ndargr\u00e4nssnitt.<\/p>\n\n<p>Det modul\u00e4ra systemet g\u00f6r att du kan l\u00e4gga till funktioner och funktionalitet i takt med att dina krav \u00f6kar, samtidigt som vi h\u00e5ller ramverket och dess k\u00e4rnkomponenter alltid i b\u00e4sta skick som en del av v\u00e5r livscykelhantering och uppdaterade med den senaste tekniken och b\u00e4sta praxis som en del av v\u00e5ra l\u00f6sningar\/produktplaner.<\/p>\n\n<p class=\"more-link\"><a href=\"https:\/\/arkitek.net\/sv\/losningar\/programvara\/\" data-type=\"page\" data-id=\"70\">L\u00e4s mer om<\/a>&#8230;<\/p>\n\n<h2 class=\"wp-block-heading\"><a href=\"https:\/\/arkitek.net\/sv\/losningar\/telecommunikation\/\" data-type=\"page\" data-id=\"58\">Telekommunikation<\/a><\/h2>\n\n<p>ARKITEKs telekommunikationsl\u00f6sningar tillhandah\u00e5ller IP-infrastrukturl\u00f6sningar f\u00f6r hela operat\u00f6rs- eller f\u00f6retagsn\u00e4tverket &#8211; alla storlekar, alla tj\u00e4nster &#8211; full stack. Alla telekommunikationsl\u00f6sningar \u00e4r designade, testade, verifierade och optimerade och har den h\u00f6gsta niv\u00e5n av prestanda, tillf\u00f6rlitlighet, skalbarhet, utveckling och optimerad kostnad. <\/p>\n\n<p class=\"more-link\"><a href=\"https:\/\/arkitek.net\/sv\/losningar\/telecommunikation\/\" data-type=\"page\" data-id=\"58\">L\u00e4s mer om<\/a>&#8230;<\/p>\n\n<h2 class=\"wp-block-heading\">Cloud Computing, N\u00e4tverk och Lagring<\/h2>\n\n<p>Molndatabehandling blir alltmer popul\u00e4rt och erbjuder tekniska, operativa och kommersiella f\u00f6rdelar f\u00f6r f\u00f6retag av alla storlekar; ARKITEK \u00e4r glada att kunna ut\u00f6ka sina l\u00f6sningar f\u00f6r att arbeta med dig som flyttar till molnet.<\/p>\n","protected":false},"excerpt":{"rendered":"<p>Med \u00f6ver 20 \u00e5rs praktisk erfarenhet av planering, design och implementering av IT- och telekommunikationsl\u00f6sningar av telekomklass f\u00f6r kommersiella operat\u00f6rer, stora f\u00f6retag och myndigheter runt om i v\u00e4rlden \u00e4r vi stolta \u00f6ver att kunna erbjuda v\u00e5r l\u00f6sningsportf\u00f6lj till alla kunder i alla skalor, globalt. V\u00e5ra l\u00f6sningar \u00e4r specifikt anpassade f\u00f6r att l\u00f6sa specifika problem och\/eller &hellip; <\/p>\n<p class=\"link-more\"><a href=\"https:\/\/arkitek.net\/sv\/losningar\/\" class=\"more-link\">Forts\u00e4tt l\u00e4sa<span class=\"screen-reader-text\"> \u201dL\u00f6sningar\u201d<\/span><\/a><\/p>\n","protected":false},"author":1,"featured_media":1130,"parent":0,"menu_order":0,"comment_status":"closed","ping_status":"closed","template":"","meta":{"inline_featured_image":false,"footnotes":""},"class_list":["post-402","page","type-page","status-publish","has-post-thumbnail","hentry"],"_links":{"self":[{"href":"https:\/\/arkitek.net\/sv\/wp-json\/wp\/v2\/pages\/402","targetHints":{"allow":["GET"]}}],"collection":[{"href":"https:\/\/arkitek.net\/sv\/wp-json\/wp\/v2\/pages"}],"about":[{"href":"https:\/\/arkitek.net\/sv\/wp-json\/wp\/v2\/types\/page"}],"author":[{"embeddable":true,"href":"https:\/\/arkitek.net\/sv\/wp-json\/wp\/v2\/users\/1"}],"replies":[{"embeddable":true,"href":"https:\/\/arkitek.net\/sv\/wp-json\/wp\/v2\/comments?post=402"}],"version-history":[{"count":0,"href":"https:\/\/arkitek.net\/sv\/wp-json\/wp\/v2\/pages\/402\/revisions"}],"wp:featuredmedia":[{"embeddable":true,"href":"https:\/\/arkitek.net\/sv\/wp-json\/wp\/v2\/media\/1130"}],"wp:attachment":[{"href":"https:\/\/arkitek.net\/sv\/wp-json\/wp\/v2\/media?parent=402"}],"curies":[{"name":"wp","href":"https:\/\/api.w.org\/{rel}","templated":true}]}}