
{"id":325,"date":"2024-07-01T17:55:25","date_gmt":"2024-07-01T14:55:25","guid":{"rendered":"https:\/\/new.arkitek.net\/hem\/professionella-tjanster\/"},"modified":"2024-07-10T13:52:43","modified_gmt":"2024-07-10T10:52:43","slug":"homepage-section-professional-services-sv","status":"publish","type":"page","link":"https:\/\/arkitek.net\/sv\/hem\/homepage-section-professional-services-sv\/","title":{"rendered":"Professionella Tj\u00e4nster"},"content":{"rendered":"\n<p>ARKITEKs <a href=\"https:\/\/arkitek.net\/sv\/tjanster\/\" data-type=\"page\" data-id=\"74\">tj\u00e4nsteutbud<\/a> \u00e4r gr\u00e4nsl\u00f6st. Vi lyssnar f\u00f6r att f\u00f6rst\u00e5 projektets m\u00e5l och utmaningar, vi tar in bepr\u00f6vade metoder tillsammans med leverant\u00f6rsoberoende teknisk kunskap och global erfarenhet, vi utv\u00e4rderar alternativ och vi b\u00f6rjar med att beskriva den enklaste l\u00f6sningen f\u00f6r att uppfylla dina krav. Vi kan driva implementeringen fr\u00e5n b\u00f6rjan till slut, \u00e4ga den fr\u00e5n b\u00f6rjan till slut, fylla i eventuella luckor och se till att den levereras, drivs och underh\u00e5lls p\u00e5 ett framg\u00e5ngsrikt s\u00e4tt. <\/p>\n\n<p><a href=\"https:\/\/arkitek.net\/sv\/tjanster\/\" data-type=\"page\" data-id=\"74\">L\u00e4s mer om<\/a>&#8230;<\/p>\n","protected":false},"excerpt":{"rendered":"<p>ARKITEKs tj\u00e4nsteutbud \u00e4r gr\u00e4nsl\u00f6st. Vi lyssnar f\u00f6r att f\u00f6rst\u00e5 projektets m\u00e5l och utmaningar, vi tar in bepr\u00f6vade metoder tillsammans med leverant\u00f6rsoberoende teknisk kunskap och global erfarenhet, vi utv\u00e4rderar alternativ och vi b\u00f6rjar med att beskriva den enklaste l\u00f6sningen f\u00f6r att uppfylla dina krav. Vi kan driva implementeringen fr\u00e5n b\u00f6rjan till slut, \u00e4ga den fr\u00e5n b\u00f6rjan &hellip; <\/p>\n<p class=\"link-more\"><a href=\"https:\/\/arkitek.net\/sv\/hem\/homepage-section-professional-services-sv\/\" class=\"more-link\">Forts\u00e4tt l\u00e4sa<span class=\"screen-reader-text\"> \u201dProfessionella Tj\u00e4nster\u201d<\/span><\/a><\/p>\n","protected":false},"author":1,"featured_media":222,"parent":295,"menu_order":2,"comment_status":"closed","ping_status":"closed","template":"","meta":{"inline_featured_image":false,"footnotes":""},"class_list":["post-325","page","type-page","status-publish","has-post-thumbnail","hentry"],"_links":{"self":[{"href":"https:\/\/arkitek.net\/sv\/wp-json\/wp\/v2\/pages\/325","targetHints":{"allow":["GET"]}}],"collection":[{"href":"https:\/\/arkitek.net\/sv\/wp-json\/wp\/v2\/pages"}],"about":[{"href":"https:\/\/arkitek.net\/sv\/wp-json\/wp\/v2\/types\/page"}],"author":[{"embeddable":true,"href":"https:\/\/arkitek.net\/sv\/wp-json\/wp\/v2\/users\/1"}],"replies":[{"embeddable":true,"href":"https:\/\/arkitek.net\/sv\/wp-json\/wp\/v2\/comments?post=325"}],"version-history":[{"count":0,"href":"https:\/\/arkitek.net\/sv\/wp-json\/wp\/v2\/pages\/325\/revisions"}],"up":[{"embeddable":true,"href":"https:\/\/arkitek.net\/sv\/wp-json\/wp\/v2\/pages\/295"}],"wp:featuredmedia":[{"embeddable":true,"href":"https:\/\/arkitek.net\/sv\/wp-json\/wp\/v2\/media\/222"}],"wp:attachment":[{"href":"https:\/\/arkitek.net\/sv\/wp-json\/wp\/v2\/media?parent=325"}],"curies":[{"name":"wp","href":"https:\/\/api.w.org\/{rel}","templated":true}]}}